{"id":587,"date":"2016-05-19T20:32:46","date_gmt":"2016-05-19T20:32:46","guid":{"rendered":"https:\/\/milano.beantown.website\/projects-3-column-copy-copy\/"},"modified":"2024-07-25T00:56:16","modified_gmt":"2024-07-25T00:56:16","slug":"projects-5-columns","status":"publish","type":"page","link":"https:\/\/www.scheelarquitectos.com\/?page_id=587","title":{"rendered":"Proyectos"},"content":{"rendered":"<section class=\"wpb-content-wrapper\"><p>[vc_row][vc_column]<style scoped><\/style><div class=\"w-section section-imp home_section_1 no_padding  \" style=\"background-image:url(https:\/\/www.scheelarquitectos.com\/wp-content\/uploads\/2016\/05\/line.png);background-size:contain;background-attachment: fixed;background-position: 100% 100%; background-repeat: no-repeat\" ><div class=\"w-container flv_container\">[vc_empty_space height=\u00bb50px\u00bb]<div class=\"title-wrapper \">\n        <h2>Portafolio de Proyectos<\/h2>\n         <div class=\"sub-text-title\">Lo que hemos hecho y m\u00e1s proyectos, ingenier\u00eda estructural, urbanismo y m\u00e1s<\/div><div><img decoding=\"async\" src=\"https:\/\/www.scheelarquitectos.com\/wp-content\/themes\/milano\/images\/sub-handmade.png\" class=\"sub-handmade\"><\/div><\/div>[vc_empty_space height=\u00bb60px\u00bb]<\/div><\/div><style scoped><\/style><div class=\"w-section section-imp home_section_2 no_padding padding_filter flv_fullwidth_section \" style=\"\" ><div class=\"w-container flv_container\"> <div class=\"align-center more-margin\"> <div class=\"filters rounded button-group no-float\"> <a href=\"#\" data-filter=\"*\" class=\"button other-dsn\">All<\/a><a href=\"#\" data-filter=\".cat-2\" class=\"button other-dsn\">Vivienda<\/a><a href=\"#\" data-filter=\".cat-4\" class=\"button other-dsn\">Comercio-Oficinas-Recreacion<\/a><a href=\"#\" data-filter=\".cat-3\" class=\"button other-dsn\">Educacion-Cultura-Salud<\/a><a href=\"#\" data-filter=\".cat-5\" class=\"button other-dsn\">Industria<\/a><a href=\"#\" data-filter=\".cat-6\" class=\"button other-dsn\">Urbanismo y Paisaje<\/a><div class=\"photo-seperator\"><\/div>\r\n       <\/div>\r\n      <\/div><div class=\"grid grid-less gallery11\"><div class=\"my-simple-gallery\" itemscope itemtype=\"http:\/\/schema.org\/ImageGallery\"><figure itemprop=\"associatedMedia\" itemscope itemtype=\"http:\/\/schema.org\/ImageObject\" class=\"item item-less item-5-columns  cat-3\"  ><a  class=\"plus\" href=\"https:\/\/www.scheelarquitectos.com\/wp-content\/uploads\/2024\/06\/01-14.jpg\" itemprop=\"contentUrl\" data-size=\"1024x768\"><div data-ix=\"over-portfolio-content-bottom\" class=\"portfolio-overlay  wow fadeInUp\">\r\n          <img decoding=\"async\" src=\"https:\/\/www.scheelarquitectos.com\/wp-content\/uploads\/2024\/06\/01-14.jpg\" itemprop=\"thumbnail\" alt=\"Image description\"\/> \r\n\t\t  <div data-ix=\"move-portfolio-overlay-bottom\" class=\"w-inline-block portfolio-overlay-bottom\">\r\n         <h4 data-ix=\"move-portfolio-title\" class=\"portfolio-title no-margin\">1997 Barrio Universitario<\/h4>\r\n         <div data-ix=\"move-portfolio-title\" class=\"portfolio-sub-title\">Educacion-Cultura-Salud<\/div>\r\n         <\/div>\r\n     <\/div><\/a>\r\n      <\/figure><figure itemprop=\"associatedMedia\" itemscope itemtype=\"http:\/\/schema.org\/ImageObject\" class=\"item item-less item-5-columns  cat-3\"  ><a  class=\"plus\" href=\"https:\/\/www.scheelarquitectos.com\/wp-content\/uploads\/2024\/06\/01-18.png\" itemprop=\"contentUrl\" data-size=\"1470x738\"><div data-ix=\"over-portfolio-content-bottom\" class=\"portfolio-overlay  wow fadeInUp\">\r\n          <img decoding=\"async\" src=\"https:\/\/www.scheelarquitectos.com\/wp-content\/uploads\/2024\/06\/01-18-1024x514.png\" itemprop=\"thumbnail\" alt=\"Image description\"\/> \r\n\t\t  <div data-ix=\"move-portfolio-overlay-bottom\" class=\"w-inline-block portfolio-overlay-bottom\">\r\n         <h4 data-ix=\"move-portfolio-title\" class=\"portfolio-title no-margin\">1999 Centro Salud Familiar Rahue Alto<\/h4>\r\n         <div data-ix=\"move-portfolio-title\" class=\"portfolio-sub-title\">Educacion-Cultura-Salud<\/div>\r\n         <\/div>\r\n     <\/div><\/a>\r\n      <\/figure><figure itemprop=\"associatedMedia\" itemscope itemtype=\"http:\/\/schema.org\/ImageObject\" class=\"item item-less item-5-columns  cat-3\"  ><a  class=\"plus\" href=\"https:\/\/www.scheelarquitectos.com\/wp-content\/uploads\/2024\/06\/01-15.jpg\" itemprop=\"contentUrl\" data-size=\"493x343\"><div data-ix=\"over-portfolio-content-bottom\" class=\"portfolio-overlay  wow fadeInUp\">\r\n          <img decoding=\"async\" src=\"https:\/\/www.scheelarquitectos.com\/wp-content\/uploads\/2024\/06\/01-15.jpg\" itemprop=\"thumbnail\" alt=\"Image description\"\/> \r\n\t\t  <div data-ix=\"move-portfolio-overlay-bottom\" class=\"w-inline-block portfolio-overlay-bottom\">\r\n         <h4 data-ix=\"move-portfolio-title\" class=\"portfolio-title no-margin\">1999 Internado Liceo Forestal Rio Bueno<\/h4>\r\n         <div data-ix=\"move-portfolio-title\" class=\"portfolio-sub-title\">Educacion-Cultura-Salud<\/div>\r\n         <\/div>\r\n     <\/div><\/a>\r\n      <\/figure><figure itemprop=\"associatedMedia\" itemscope itemtype=\"http:\/\/schema.org\/ImageObject\" class=\"item item-less item-5-columns  cat-5\"  ><a  class=\"plus\" href=\"https:\/\/www.scheelarquitectos.com\/wp-content\/uploads\/2016\/05\/01-2.jpg\" itemprop=\"contentUrl\" data-size=\"464x349\"><div data-ix=\"over-portfolio-content-bottom\" class=\"portfolio-overlay  wow fadeInUp\">\r\n          <img decoding=\"async\" src=\"https:\/\/www.scheelarquitectos.com\/wp-content\/uploads\/2016\/05\/01-2.jpg\" itemprop=\"thumbnail\" alt=\"Image description\"\/> \r\n\t\t  <div data-ix=\"move-portfolio-overlay-bottom\" class=\"w-inline-block portfolio-overlay-bottom\">\r\n         <h4 data-ix=\"move-portfolio-title\" class=\"portfolio-title no-margin\">1999 Piscicultura Curcalco<\/h4>\r\n         <div data-ix=\"move-portfolio-title\" class=\"portfolio-sub-title\">Industria<\/div>\r\n         <\/div>\r\n     <\/div><\/a>\r\n      <\/figure><figure itemprop=\"associatedMedia\" itemscope itemtype=\"http:\/\/schema.org\/ImageObject\" class=\"item item-less item-5-columns  cat-2\"  ><a  class=\"plus\" href=\"https:\/\/www.scheelarquitectos.com\/wp-content\/uploads\/2024\/06\/01-1.jpg\" itemprop=\"contentUrl\" data-size=\"1024x768\"><div data-ix=\"over-portfolio-content-bottom\" class=\"portfolio-overlay  wow fadeInUp\">\r\n          <img decoding=\"async\" src=\"https:\/\/www.scheelarquitectos.com\/wp-content\/uploads\/2024\/06\/01-1.jpg\" itemprop=\"thumbnail\" alt=\"Image description\"\/> \r\n\t\t  <div data-ix=\"move-portfolio-overlay-bottom\" class=\"w-inline-block portfolio-overlay-bottom\">\r\n         <h4 data-ix=\"move-portfolio-title\" class=\"portfolio-title no-margin\">2001 CASA F<\/h4>\r\n         <div data-ix=\"move-portfolio-title\" class=\"portfolio-sub-title\">Vivienda<\/div>\r\n         <\/div>\r\n     <\/div><\/a>\r\n      <\/figure><figure itemprop=\"associatedMedia\" itemscope itemtype=\"http:\/\/schema.org\/ImageObject\" class=\"item item-less item-5-columns  cat-3\"  ><a  class=\"plus\" href=\"https:\/\/www.scheelarquitectos.com\/wp-content\/uploads\/2024\/06\/01-16.jpg\" itemprop=\"contentUrl\" data-size=\"1024x768\"><div data-ix=\"over-portfolio-content-bottom\" class=\"portfolio-overlay  wow fadeInUp\">\r\n          <img decoding=\"async\" src=\"https:\/\/www.scheelarquitectos.com\/wp-content\/uploads\/2024\/06\/01-16.jpg\" itemprop=\"thumbnail\" alt=\"Image description\"\/> \r\n\t\t  <div data-ix=\"move-portfolio-overlay-bottom\" class=\"w-inline-block portfolio-overlay-bottom\">\r\n         <h4 data-ix=\"move-portfolio-title\" class=\"portfolio-title no-margin\">2001 Escuela Suiza<\/h4>\r\n         <div data-ix=\"move-portfolio-title\" class=\"portfolio-sub-title\">Educacion-Cultura-Salud<\/div>\r\n         <\/div>\r\n     <\/div><\/a>\r\n      <\/figure><figure itemprop=\"associatedMedia\" itemscope itemtype=\"http:\/\/schema.org\/ImageObject\" class=\"item item-less item-5-columns  cat-4\"  ><a  class=\"plus\" href=\"https:\/\/www.scheelarquitectos.com\/wp-content\/uploads\/2024\/06\/03-2.jpg\" itemprop=\"contentUrl\" data-size=\"1116x1734\"><div data-ix=\"over-portfolio-content-bottom\" class=\"portfolio-overlay  wow fadeInUp\">\r\n          <img decoding=\"async\" src=\"https:\/\/www.scheelarquitectos.com\/wp-content\/uploads\/2024\/06\/03-2-659x1024.jpg\" itemprop=\"thumbnail\" alt=\"Image description\"\/> \r\n\t\t  <div data-ix=\"move-portfolio-overlay-bottom\" class=\"w-inline-block portfolio-overlay-bottom\">\r\n         <h4 data-ix=\"move-portfolio-title\" class=\"portfolio-title no-margin\">2001 oficina Informacio\u0301n Parque Nacional Puyehue<\/h4>\r\n         <div data-ix=\"move-portfolio-title\" class=\"portfolio-sub-title\">Comercio-Oficinas-Recreacion<\/div>\r\n         <\/div>\r\n     <\/div><\/a>\r\n      <\/figure><figure itemprop=\"associatedMedia\" itemscope itemtype=\"http:\/\/schema.org\/ImageObject\" class=\"item item-less item-5-columns  cat-4\"  ><a  class=\"plus\" href=\"https:\/\/www.scheelarquitectos.com\/wp-content\/uploads\/2024\/06\/03-3-scaled.jpg\" itemprop=\"contentUrl\" data-size=\"2560x2076\"><div data-ix=\"over-portfolio-content-bottom\" class=\"portfolio-overlay  wow fadeInUp\">\r\n          <img decoding=\"async\" src=\"https:\/\/www.scheelarquitectos.com\/wp-content\/uploads\/2024\/06\/03-3-1024x831.jpg\" itemprop=\"thumbnail\" alt=\"Image description\"\/> \r\n\t\t  <div data-ix=\"move-portfolio-overlay-bottom\" class=\"w-inline-block portfolio-overlay-bottom\">\r\n         <h4 data-ix=\"move-portfolio-title\" class=\"portfolio-title no-margin\">2001 oficinas administracion Conaf<\/h4>\r\n         <div data-ix=\"move-portfolio-title\" class=\"portfolio-sub-title\">Comercio-Oficinas-Recreacion<\/div>\r\n         <\/div>\r\n     <\/div><\/a>\r\n      <\/figure><figure itemprop=\"associatedMedia\" itemscope itemtype=\"http:\/\/schema.org\/ImageObject\" class=\"item item-less item-5-columns  cat-3\"  ><a  class=\"plus\" href=\"https:\/\/www.scheelarquitectos.com\/wp-content\/uploads\/2024\/06\/01-17.jpg\" itemprop=\"contentUrl\" data-size=\"486x335\"><div data-ix=\"over-portfolio-content-bottom\" class=\"portfolio-overlay  wow fadeInUp\">\r\n          <img decoding=\"async\" src=\"https:\/\/www.scheelarquitectos.com\/wp-content\/uploads\/2024\/06\/01-17.jpg\" itemprop=\"thumbnail\" alt=\"Image description\"\/> \r\n\t\t  <div data-ix=\"move-portfolio-overlay-bottom\" class=\"w-inline-block portfolio-overlay-bottom\">\r\n         <h4 data-ix=\"move-portfolio-title\" class=\"portfolio-title no-margin\">2002 Liceo R.Phillipi-Paillaco<\/h4>\r\n         <div data-ix=\"move-portfolio-title\" class=\"portfolio-sub-title\">Educacion-Cultura-Salud<\/div>\r\n         <\/div>\r\n     <\/div><\/a>\r\n      <\/figure><figure itemprop=\"associatedMedia\" itemscope itemtype=\"http:\/\/schema.org\/ImageObject\" class=\"item item-less item-5-columns  cat-5\"  ><a  class=\"plus\" href=\"https:\/\/www.scheelarquitectos.com\/wp-content\/uploads\/2016\/05\/03.jpg\" itemprop=\"contentUrl\" data-size=\"494x294\"><div data-ix=\"over-portfolio-content-bottom\" class=\"portfolio-overlay  wow fadeInUp\">\r\n          <img decoding=\"async\" src=\"https:\/\/www.scheelarquitectos.com\/wp-content\/uploads\/2016\/05\/03.jpg\" itemprop=\"thumbnail\" alt=\"Image description\"\/> \r\n\t\t  <div data-ix=\"move-portfolio-overlay-bottom\" class=\"w-inline-block portfolio-overlay-bottom\">\r\n         <h4 data-ix=\"move-portfolio-title\" class=\"portfolio-title no-margin\">2003 Ampliacio\u0301n y remodelacio\u0301n Frigosorno S.A<\/h4>\r\n         <div data-ix=\"move-portfolio-title\" class=\"portfolio-sub-title\">Industria<\/div>\r\n         <\/div>\r\n     <\/div><\/a>\r\n      <\/figure><figure itemprop=\"associatedMedia\" itemscope itemtype=\"http:\/\/schema.org\/ImageObject\" class=\"item item-less item-5-columns  cat-4\"  ><a  class=\"plus\" href=\"https:\/\/www.scheelarquitectos.com\/wp-content\/uploads\/2024\/06\/05-2.jpg\" itemprop=\"contentUrl\" data-size=\"1024x768\"><div data-ix=\"over-portfolio-content-bottom\" class=\"portfolio-overlay  wow fadeInUp\">\r\n          <img decoding=\"async\" src=\"https:\/\/www.scheelarquitectos.com\/wp-content\/uploads\/2024\/06\/05-2.jpg\" itemprop=\"thumbnail\" alt=\"Image description\"\/> \r\n\t\t  <div data-ix=\"move-portfolio-overlay-bottom\" class=\"w-inline-block portfolio-overlay-bottom\">\r\n         <h4 data-ix=\"move-portfolio-title\" class=\"portfolio-title no-margin\">2003 Centro Comercial La Unio\u0301n<\/h4>\r\n         <div data-ix=\"move-portfolio-title\" class=\"portfolio-sub-title\">Comercio-Oficinas-Recreacion<\/div>\r\n         <\/div>\r\n     <\/div><\/a>\r\n      <\/figure><figure itemprop=\"associatedMedia\" itemscope itemtype=\"http:\/\/schema.org\/ImageObject\" class=\"item item-less item-5-columns  cat-3\"  ><a  class=\"plus\" href=\"https:\/\/www.scheelarquitectos.com\/wp-content\/uploads\/2024\/06\/01-18.jpg\" itemprop=\"contentUrl\" data-size=\"1024x768\"><div data-ix=\"over-portfolio-content-bottom\" class=\"portfolio-overlay  wow fadeInUp\">\r\n          <img decoding=\"async\" src=\"https:\/\/www.scheelarquitectos.com\/wp-content\/uploads\/2024\/06\/01-18.jpg\" itemprop=\"thumbnail\" alt=\"Image description\"\/> \r\n\t\t  <div data-ix=\"move-portfolio-overlay-bottom\" class=\"w-inline-block portfolio-overlay-bottom\">\r\n         <h4 data-ix=\"move-portfolio-title\" class=\"portfolio-title no-margin\">2003 Escuela Ana Aichele<\/h4>\r\n         <div data-ix=\"move-portfolio-title\" class=\"portfolio-sub-title\">Educacion-Cultura-Salud<\/div>\r\n         <\/div>\r\n     <\/div><\/a>\r\n      <\/figure><figure itemprop=\"associatedMedia\" itemscope itemtype=\"http:\/\/schema.org\/ImageObject\" class=\"item item-less item-5-columns  cat-3\"  ><a  class=\"plus\" href=\"https:\/\/www.scheelarquitectos.com\/wp-content\/uploads\/2024\/06\/01-19.jpg\" itemprop=\"contentUrl\" data-size=\"497x343\"><div data-ix=\"over-portfolio-content-bottom\" class=\"portfolio-overlay  wow fadeInUp\">\r\n          <img decoding=\"async\" src=\"https:\/\/www.scheelarquitectos.com\/wp-content\/uploads\/2024\/06\/01-19.jpg\" itemprop=\"thumbnail\" alt=\"Image description\"\/> \r\n\t\t  <div data-ix=\"move-portfolio-overlay-bottom\" class=\"w-inline-block portfolio-overlay-bottom\">\r\n         <h4 data-ix=\"move-portfolio-title\" class=\"portfolio-title no-margin\">2003 Preb\u00e1sica Escuela Ignacio Zenteno<\/h4>\r\n         <div data-ix=\"move-portfolio-title\" class=\"portfolio-sub-title\">Educacion-Cultura-Salud<\/div>\r\n         <\/div>\r\n     <\/div><\/a>\r\n      <\/figure><figure itemprop=\"associatedMedia\" itemscope itemtype=\"http:\/\/schema.org\/ImageObject\" class=\"item item-less item-5-columns  cat-3\"  ><a  class=\"plus\" href=\"https:\/\/www.scheelarquitectos.com\/wp-content\/uploads\/2024\/06\/01-20.jpg\" itemprop=\"contentUrl\" data-size=\"462x344\"><div data-ix=\"over-portfolio-content-bottom\" class=\"portfolio-overlay  wow fadeInUp\">\r\n          <img decoding=\"async\" src=\"https:\/\/www.scheelarquitectos.com\/wp-content\/uploads\/2024\/06\/01-20.jpg\" itemprop=\"thumbnail\" alt=\"Image description\"\/> \r\n\t\t  <div data-ix=\"move-portfolio-overlay-bottom\" class=\"w-inline-block portfolio-overlay-bottom\">\r\n         <h4 data-ix=\"move-portfolio-title\" class=\"portfolio-title no-margin\">2003 Talleres Tecnol\u00f3gicos Instituto Alem\u00e1n de Osorno<\/h4>\r\n         <div data-ix=\"move-portfolio-title\" class=\"portfolio-sub-title\">Educacion-Cultura-Salud<\/div>\r\n         <\/div>\r\n     <\/div><\/a>\r\n      <\/figure><figure itemprop=\"associatedMedia\" itemscope itemtype=\"http:\/\/schema.org\/ImageObject\" class=\"item item-less item-5-columns  cat-3\"  ><a  class=\"plus\" href=\"https:\/\/www.scheelarquitectos.com\/wp-content\/uploads\/2024\/06\/01-21.jpg\" itemprop=\"contentUrl\" data-size=\"362x341\"><div data-ix=\"over-portfolio-content-bottom\" class=\"portfolio-overlay  wow fadeInUp\">\r\n          <img decoding=\"async\" src=\"https:\/\/www.scheelarquitectos.com\/wp-content\/uploads\/2024\/06\/01-21.jpg\" itemprop=\"thumbnail\" alt=\"Image description\"\/> \r\n\t\t  <div data-ix=\"move-portfolio-overlay-bottom\" class=\"w-inline-block portfolio-overlay-bottom\">\r\n         <h4 data-ix=\"move-portfolio-title\" class=\"portfolio-title no-margin\">2004 Escuela Jean Piaget<\/h4>\r\n         <div data-ix=\"move-portfolio-title\" class=\"portfolio-sub-title\">Educacion-Cultura-Salud<\/div>\r\n         <\/div>\r\n     <\/div><\/a>\r\n      <\/figure><figure itemprop=\"associatedMedia\" itemscope itemtype=\"http:\/\/schema.org\/ImageObject\" class=\"item item-less item-5-columns  cat-3\"  ><a  class=\"plus\" href=\"https:\/\/www.scheelarquitectos.com\/wp-content\/uploads\/2024\/06\/01-22.jpg\" itemprop=\"contentUrl\" data-size=\"501x294\"><div data-ix=\"over-portfolio-content-bottom\" class=\"portfolio-overlay  wow fadeInUp\">\r\n          <img decoding=\"async\" src=\"https:\/\/www.scheelarquitectos.com\/wp-content\/uploads\/2024\/06\/01-22.jpg\" itemprop=\"thumbnail\" alt=\"Image description\"\/> \r\n\t\t  <div data-ix=\"move-portfolio-overlay-bottom\" class=\"w-inline-block portfolio-overlay-bottom\">\r\n         <h4 data-ix=\"move-portfolio-title\" class=\"portfolio-title no-margin\">2004 Liceo T.P. Rio bueno<\/h4>\r\n         <div data-ix=\"move-portfolio-title\" class=\"portfolio-sub-title\">Educacion-Cultura-Salud<\/div>\r\n         <\/div>\r\n     <\/div><\/a>\r\n      <\/figure><figure itemprop=\"associatedMedia\" itemscope itemtype=\"http:\/\/schema.org\/ImageObject\" class=\"item item-less item-5-columns  cat-2\"  ><a  class=\"plus\" href=\"https:\/\/www.scheelarquitectos.com\/wp-content\/uploads\/2024\/06\/01.png\" itemprop=\"contentUrl\" data-size=\"487x286\"><div data-ix=\"over-portfolio-content-bottom\" class=\"portfolio-overlay  wow fadeInUp\">\r\n          <img decoding=\"async\" src=\"https:\/\/www.scheelarquitectos.com\/wp-content\/uploads\/2024\/06\/01.png\" itemprop=\"thumbnail\" alt=\"Image description\"\/> \r\n\t\t  <div data-ix=\"move-portfolio-overlay-bottom\" class=\"w-inline-block portfolio-overlay-bottom\">\r\n         <h4 data-ix=\"move-portfolio-title\" class=\"portfolio-title no-margin\">2005 CASA T<\/h4>\r\n         <div data-ix=\"move-portfolio-title\" class=\"portfolio-sub-title\">Vivienda<\/div>\r\n         <\/div>\r\n     <\/div><\/a>\r\n      <\/figure><figure itemprop=\"associatedMedia\" itemscope itemtype=\"http:\/\/schema.org\/ImageObject\" class=\"item item-less item-5-columns  cat-5\"  ><a  class=\"plus\" href=\"https:\/\/www.scheelarquitectos.com\/wp-content\/uploads\/2016\/05\/02.jpg\" itemprop=\"contentUrl\" data-size=\"494x308\"><div data-ix=\"over-portfolio-content-bottom\" class=\"portfolio-overlay  wow fadeInUp\">\r\n          <img decoding=\"async\" src=\"https:\/\/www.scheelarquitectos.com\/wp-content\/uploads\/2016\/05\/02.jpg\" itemprop=\"thumbnail\" alt=\"Image description\"\/> \r\n\t\t  <div data-ix=\"move-portfolio-overlay-bottom\" class=\"w-inline-block portfolio-overlay-bottom\">\r\n         <h4 data-ix=\"move-portfolio-title\" class=\"portfolio-title no-margin\">2005 Feria remate ganado<\/h4>\r\n         <div data-ix=\"move-portfolio-title\" class=\"portfolio-sub-title\">Industria<\/div>\r\n         <\/div>\r\n     <\/div><\/a>\r\n      <\/figure><figure itemprop=\"associatedMedia\" itemscope itemtype=\"http:\/\/schema.org\/ImageObject\" class=\"item item-less item-5-columns  cat-5\"  ><a  class=\"plus\" href=\"https:\/\/www.scheelarquitectos.com\/wp-content\/uploads\/2016\/05\/02-1.jpg\" itemprop=\"contentUrl\" data-size=\"460x342\"><div data-ix=\"over-portfolio-content-bottom\" class=\"portfolio-overlay  wow fadeInUp\">\r\n          <img decoding=\"async\" src=\"https:\/\/www.scheelarquitectos.com\/wp-content\/uploads\/2016\/05\/02-1.jpg\" itemprop=\"thumbnail\" alt=\"Image description\"\/> \r\n\t\t  <div data-ix=\"move-portfolio-overlay-bottom\" class=\"w-inline-block portfolio-overlay-bottom\">\r\n         <h4 data-ix=\"move-portfolio-title\" class=\"portfolio-title no-margin\">2005 Planta quesera la\u0301cteos Patagonia<\/h4>\r\n         <div data-ix=\"move-portfolio-title\" class=\"portfolio-sub-title\">Industria<\/div>\r\n         <\/div>\r\n     <\/div><\/a>\r\n      <\/figure><figure itemprop=\"associatedMedia\" itemscope itemtype=\"http:\/\/schema.org\/ImageObject\" class=\"item item-less item-5-columns  cat-4\"  ><a  class=\"plus\" href=\"https:\/\/www.scheelarquitectos.com\/wp-content\/uploads\/2024\/06\/03-4.jpg\" itemprop=\"contentUrl\" data-size=\"1600x1200\"><div data-ix=\"over-portfolio-content-bottom\" class=\"portfolio-overlay  wow fadeInUp\">\r\n          <img decoding=\"async\" src=\"https:\/\/www.scheelarquitectos.com\/wp-content\/uploads\/2024\/06\/03-4-1024x768.jpg\" itemprop=\"thumbnail\" alt=\"Image description\"\/> \r\n\t\t  <div data-ix=\"move-portfolio-overlay-bottom\" class=\"w-inline-block portfolio-overlay-bottom\">\r\n         <h4 data-ix=\"move-portfolio-title\" class=\"portfolio-title no-margin\">2006 Caballerizas Llanuras de Diana<\/h4>\r\n         <div data-ix=\"move-portfolio-title\" class=\"portfolio-sub-title\">Comercio-Oficinas-Recreacion<\/div>\r\n         <\/div>\r\n     <\/div><\/a>\r\n      <\/figure><figure itemprop=\"associatedMedia\" itemscope itemtype=\"http:\/\/schema.org\/ImageObject\" class=\"item item-less item-5-columns  cat-4\"  ><a  class=\"plus\" href=\"https:\/\/www.scheelarquitectos.com\/wp-content\/uploads\/2024\/06\/04-1.jpg\" itemprop=\"contentUrl\" data-size=\"467x344\"><div data-ix=\"over-portfolio-content-bottom\" class=\"portfolio-overlay  wow fadeInUp\">\r\n          <img decoding=\"async\" src=\"https:\/\/www.scheelarquitectos.com\/wp-content\/uploads\/2024\/06\/04-1.jpg\" itemprop=\"thumbnail\" alt=\"Image description\"\/> \r\n\t\t  <div data-ix=\"move-portfolio-overlay-bottom\" class=\"w-inline-block portfolio-overlay-bottom\">\r\n         <h4 data-ix=\"move-portfolio-title\" class=\"portfolio-title no-margin\">2006 Centro Distribucio\u0301n Diarios<\/h4>\r\n         <div data-ix=\"move-portfolio-title\" class=\"portfolio-sub-title\">Comercio-Oficinas-Recreacion<\/div>\r\n         <\/div>\r\n     <\/div><\/a>\r\n      <\/figure><figure itemprop=\"associatedMedia\" itemscope itemtype=\"http:\/\/schema.org\/ImageObject\" class=\"item item-less item-5-columns  cat-4\"  ><a  class=\"plus\" href=\"https:\/\/www.scheelarquitectos.com\/wp-content\/uploads\/2024\/06\/01-4.jpg\" itemprop=\"contentUrl\" data-size=\"465x347\"><div data-ix=\"over-portfolio-content-bottom\" class=\"portfolio-overlay  wow fadeInUp\">\r\n          <img decoding=\"async\" src=\"https:\/\/www.scheelarquitectos.com\/wp-content\/uploads\/2024\/06\/01-4.jpg\" itemprop=\"thumbnail\" alt=\"Image description\"\/> \r\n\t\t  <div data-ix=\"move-portfolio-overlay-bottom\" class=\"w-inline-block portfolio-overlay-bottom\">\r\n         <h4 data-ix=\"move-portfolio-title\" class=\"portfolio-title no-margin\">2006 Multiservicio Ferosor Michelin<\/h4>\r\n         <div data-ix=\"move-portfolio-title\" class=\"portfolio-sub-title\">Comercio-Oficinas-Recreacion<\/div>\r\n         <\/div>\r\n     <\/div><\/a>\r\n      <\/figure><figure itemprop=\"associatedMedia\" itemscope itemtype=\"http:\/\/schema.org\/ImageObject\" class=\"item item-less item-5-columns  cat-6\"  ><a  class=\"plus\" href=\"https:\/\/www.scheelarquitectos.com\/wp-content\/uploads\/2016\/05\/04.jpg\" itemprop=\"contentUrl\" data-size=\"500x347\"><div data-ix=\"over-portfolio-content-bottom\" class=\"portfolio-overlay  wow fadeInUp\">\r\n          <img decoding=\"async\" src=\"https:\/\/www.scheelarquitectos.com\/wp-content\/uploads\/2016\/05\/04.jpg\" itemprop=\"thumbnail\" alt=\"Image description\"\/> \r\n\t\t  <div data-ix=\"move-portfolio-overlay-bottom\" class=\"w-inline-block portfolio-overlay-bottom\">\r\n         <h4 data-ix=\"move-portfolio-title\" class=\"portfolio-title no-margin\">2006 Portal Acceso Loteo Jardines de Frutillar<\/h4>\r\n         <div data-ix=\"move-portfolio-title\" class=\"portfolio-sub-title\">Urbanismo y Paisaje<\/div>\r\n         <\/div>\r\n     <\/div><\/a>\r\n      <\/figure><figure itemprop=\"associatedMedia\" itemscope itemtype=\"http:\/\/schema.org\/ImageObject\" class=\"item item-less item-5-columns  cat-4\"  ><a  class=\"plus\" href=\"https:\/\/www.scheelarquitectos.com\/wp-content\/uploads\/2024\/06\/01-5.jpg\" itemprop=\"contentUrl\" data-size=\"1418x645\"><div data-ix=\"over-portfolio-content-bottom\" class=\"portfolio-overlay  wow fadeInUp\">\r\n          <img decoding=\"async\" src=\"https:\/\/www.scheelarquitectos.com\/wp-content\/uploads\/2024\/06\/01-5-1024x466.jpg\" itemprop=\"thumbnail\" alt=\"Image description\"\/> \r\n\t\t  <div data-ix=\"move-portfolio-overlay-bottom\" class=\"w-inline-block portfolio-overlay-bottom\">\r\n         <h4 data-ix=\"move-portfolio-title\" class=\"portfolio-title no-margin\">2006 Restaurant Fogo\u0301n Puyehue<\/h4>\r\n         <div data-ix=\"move-portfolio-title\" class=\"portfolio-sub-title\">Comercio-Oficinas-Recreacion<\/div>\r\n         <\/div>\r\n     <\/div><\/a>\r\n      <\/figure><figure itemprop=\"associatedMedia\" itemscope itemtype=\"http:\/\/schema.org\/ImageObject\" class=\"item item-less item-5-columns  cat-4\"  ><a  class=\"plus\" href=\"https:\/\/www.scheelarquitectos.com\/wp-content\/uploads\/2024\/06\/03-5.jpg\" itemprop=\"contentUrl\" data-size=\"499x330\"><div data-ix=\"over-portfolio-content-bottom\" class=\"portfolio-overlay  wow fadeInUp\">\r\n          <img decoding=\"async\" src=\"https:\/\/www.scheelarquitectos.com\/wp-content\/uploads\/2024\/06\/03-5.jpg\" itemprop=\"thumbnail\" alt=\"Image description\"\/> \r\n\t\t  <div data-ix=\"move-portfolio-overlay-bottom\" class=\"w-inline-block portfolio-overlay-bottom\">\r\n         <h4 data-ix=\"move-portfolio-title\" class=\"portfolio-title no-margin\">2007 A\u0301rea de actividades Termas de Puyehue<\/h4>\r\n         <div data-ix=\"move-portfolio-title\" class=\"portfolio-sub-title\">Comercio-Oficinas-Recreacion<\/div>\r\n         <\/div>\r\n     <\/div><\/a>\r\n      <\/figure><figure itemprop=\"associatedMedia\" itemscope itemtype=\"http:\/\/schema.org\/ImageObject\" class=\"item item-less item-5-columns  cat-2\"  ><a  class=\"plus\" href=\"https:\/\/www.scheelarquitectos.com\/wp-content\/uploads\/2024\/06\/01-1.png\" itemprop=\"contentUrl\" data-size=\"500x347\"><div data-ix=\"over-portfolio-content-bottom\" class=\"portfolio-overlay  wow fadeInUp\">\r\n          <img decoding=\"async\" src=\"https:\/\/www.scheelarquitectos.com\/wp-content\/uploads\/2024\/06\/01-1.png\" itemprop=\"thumbnail\" alt=\"Image description\"\/> \r\n\t\t  <div data-ix=\"move-portfolio-overlay-bottom\" class=\"w-inline-block portfolio-overlay-bottom\">\r\n         <h4 data-ix=\"move-portfolio-title\" class=\"portfolio-title no-margin\">2007 CASA CAS<\/h4>\r\n         <div data-ix=\"move-portfolio-title\" class=\"portfolio-sub-title\">Vivienda<\/div>\r\n         <\/div>\r\n     <\/div><\/a>\r\n      <\/figure><figure itemprop=\"associatedMedia\" itemscope itemtype=\"http:\/\/schema.org\/ImageObject\" class=\"item item-less item-5-columns  cat-6\"  ><a  class=\"plus\" href=\"https:\/\/www.scheelarquitectos.com\/wp-content\/uploads\/2016\/05\/01-1.png\" itemprop=\"contentUrl\" data-size=\"492x358\"><div data-ix=\"over-portfolio-content-bottom\" class=\"portfolio-overlay  wow fadeInUp\">\r\n          <img decoding=\"async\" src=\"https:\/\/www.scheelarquitectos.com\/wp-content\/uploads\/2016\/05\/01-1.png\" itemprop=\"thumbnail\" alt=\"Image description\"\/> \r\n\t\t  <div data-ix=\"move-portfolio-overlay-bottom\" class=\"w-inline-block portfolio-overlay-bottom\">\r\n         <h4 data-ix=\"move-portfolio-title\" class=\"portfolio-title no-margin\">2007 Loteo Jardines de Frutillar<\/h4>\r\n         <div data-ix=\"move-portfolio-title\" class=\"portfolio-sub-title\">Urbanismo y Paisaje<\/div>\r\n         <\/div>\r\n     <\/div><\/a>\r\n      <\/figure><figure itemprop=\"associatedMedia\" itemscope itemtype=\"http:\/\/schema.org\/ImageObject\" class=\"item item-less item-5-columns  cat-4\"  ><a  class=\"plus\" href=\"https:\/\/www.scheelarquitectos.com\/wp-content\/uploads\/2024\/06\/02-5.jpg\" itemprop=\"contentUrl\" data-size=\"497x285\"><div data-ix=\"over-portfolio-content-bottom\" class=\"portfolio-overlay  wow fadeInUp\">\r\n          <img decoding=\"async\" src=\"https:\/\/www.scheelarquitectos.com\/wp-content\/uploads\/2024\/06\/02-5.jpg\" itemprop=\"thumbnail\" alt=\"Image description\"\/> \r\n\t\t  <div data-ix=\"move-portfolio-overlay-bottom\" class=\"w-inline-block portfolio-overlay-bottom\">\r\n         <h4 data-ix=\"move-portfolio-title\" class=\"portfolio-title no-margin\">2007 Oficinas administrativas Piscicultura San Pedro<\/h4>\r\n         <div data-ix=\"move-portfolio-title\" class=\"portfolio-sub-title\">Comercio-Oficinas-Recreacion<\/div>\r\n         <\/div>\r\n     <\/div><\/a>\r\n      <\/figure><figure itemprop=\"associatedMedia\" itemscope itemtype=\"http:\/\/schema.org\/ImageObject\" class=\"item item-less item-5-columns  cat-4\"  ><a  class=\"plus\" href=\"https:\/\/www.scheelarquitectos.com\/wp-content\/uploads\/2024\/06\/03-6.jpg\" itemprop=\"contentUrl\" data-size=\"502x296\"><div data-ix=\"over-portfolio-content-bottom\" class=\"portfolio-overlay  wow fadeInUp\">\r\n          <img decoding=\"async\" src=\"https:\/\/www.scheelarquitectos.com\/wp-content\/uploads\/2024\/06\/03-6.jpg\" itemprop=\"thumbnail\" alt=\"Image description\"\/> \r\n\t\t  <div data-ix=\"move-portfolio-overlay-bottom\" class=\"w-inline-block portfolio-overlay-bottom\">\r\n         <h4 data-ix=\"move-portfolio-title\" class=\"portfolio-title no-margin\">2007 Oficinas administrativas Piscicultura San Pedro<\/h4>\r\n         <div data-ix=\"move-portfolio-title\" class=\"portfolio-sub-title\">Comercio-Oficinas-Recreacion<\/div>\r\n         <\/div>\r\n     <\/div><\/a>\r\n      <\/figure><figure itemprop=\"associatedMedia\" itemscope itemtype=\"http:\/\/schema.org\/ImageObject\" class=\"item item-less item-5-columns  cat-3\"  ><a  class=\"plus\" href=\"https:\/\/www.scheelarquitectos.com\/wp-content\/uploads\/2024\/06\/01-23.jpg\" itemprop=\"contentUrl\" data-size=\"461x344\"><div data-ix=\"over-portfolio-content-bottom\" class=\"portfolio-overlay  wow fadeInUp\">\r\n          <img decoding=\"async\" src=\"https:\/\/www.scheelarquitectos.com\/wp-content\/uploads\/2024\/06\/01-23.jpg\" itemprop=\"thumbnail\" alt=\"Image description\"\/> \r\n\t\t  <div data-ix=\"move-portfolio-overlay-bottom\" class=\"w-inline-block portfolio-overlay-bottom\">\r\n         <h4 data-ix=\"move-portfolio-title\" class=\"portfolio-title no-margin\">2008 Ampliaci\u00f3n Escuela CTI Los Notros (Coanil)<\/h4>\r\n         <div data-ix=\"move-portfolio-title\" class=\"portfolio-sub-title\">Educacion-Cultura-Salud<\/div>\r\n         <\/div>\r\n     <\/div><\/a>\r\n      <\/figure><figure itemprop=\"associatedMedia\" itemscope itemtype=\"http:\/\/schema.org\/ImageObject\" class=\"item item-less item-5-columns  cat-5\"  ><a  class=\"plus\" href=\"https:\/\/www.scheelarquitectos.com\/wp-content\/uploads\/2024\/06\/02.jpg\" itemprop=\"contentUrl\" data-size=\"466x344\"><div data-ix=\"over-portfolio-content-bottom\" class=\"portfolio-overlay  wow fadeInUp\">\r\n          <img decoding=\"async\" src=\"https:\/\/www.scheelarquitectos.com\/wp-content\/uploads\/2024\/06\/02.jpg\" itemprop=\"thumbnail\" alt=\"Image description\"\/> \r\n\t\t  <div data-ix=\"move-portfolio-overlay-bottom\" class=\"w-inline-block portfolio-overlay-bottom\">\r\n         <h4 data-ix=\"move-portfolio-title\" class=\"portfolio-title no-margin\">2008 A\u0301rea Toma Muestras - Prolesur S.A<\/h4>\r\n         <div data-ix=\"move-portfolio-title\" class=\"portfolio-sub-title\">Industria<\/div>\r\n         <\/div>\r\n     <\/div><\/a>\r\n      <\/figure><figure itemprop=\"associatedMedia\" itemscope itemtype=\"http:\/\/schema.org\/ImageObject\" class=\"item item-less item-5-columns  cat-4\"  ><a  class=\"plus\" href=\"https:\/\/www.scheelarquitectos.com\/wp-content\/uploads\/2024\/06\/02-6.jpg\" itemprop=\"contentUrl\" data-size=\"463x344\"><div data-ix=\"over-portfolio-content-bottom\" class=\"portfolio-overlay  wow fadeInUp\">\r\n          <img decoding=\"async\" src=\"https:\/\/www.scheelarquitectos.com\/wp-content\/uploads\/2024\/06\/02-6.jpg\" itemprop=\"thumbnail\" alt=\"Image description\"\/> \r\n\t\t  <div data-ix=\"move-portfolio-overlay-bottom\" class=\"w-inline-block portfolio-overlay-bottom\">\r\n         <h4 data-ix=\"move-portfolio-title\" class=\"portfolio-title no-margin\">2008 Cafe\u0301 y Centro de Eventos La Unio\u0301n<\/h4>\r\n         <div data-ix=\"move-portfolio-title\" class=\"portfolio-sub-title\">Comercio-Oficinas-Recreacion<\/div>\r\n         <\/div>\r\n     <\/div><\/a>\r\n      <\/figure><figure itemprop=\"associatedMedia\" itemscope itemtype=\"http:\/\/schema.org\/ImageObject\" class=\"item item-less item-5-columns  cat-2\"  ><a  class=\"plus\" href=\"https:\/\/www.scheelarquitectos.com\/wp-content\/uploads\/2024\/06\/01-2.png\" itemprop=\"contentUrl\" data-size=\"494x345\"><div data-ix=\"over-portfolio-content-bottom\" class=\"portfolio-overlay  wow fadeInUp\">\r\n          <img decoding=\"async\" src=\"https:\/\/www.scheelarquitectos.com\/wp-content\/uploads\/2024\/06\/01-2.png\" itemprop=\"thumbnail\" alt=\"Image description\"\/> \r\n\t\t  <div data-ix=\"move-portfolio-overlay-bottom\" class=\"w-inline-block portfolio-overlay-bottom\">\r\n         <h4 data-ix=\"move-portfolio-title\" class=\"portfolio-title no-margin\">2008 CASA VOCO<\/h4>\r\n         <div data-ix=\"move-portfolio-title\" class=\"portfolio-sub-title\">Vivienda<\/div>\r\n         <\/div>\r\n     <\/div><\/a>\r\n      <\/figure><figure itemprop=\"associatedMedia\" itemscope itemtype=\"http:\/\/schema.org\/ImageObject\" class=\"item item-less item-5-columns  cat-5\"  ><a  class=\"plus\" href=\"https:\/\/www.scheelarquitectos.com\/wp-content\/uploads\/2024\/06\/02-2.jpg\" itemprop=\"contentUrl\" data-size=\"504x292\"><div data-ix=\"over-portfolio-content-bottom\" class=\"portfolio-overlay  wow fadeInUp\">\r\n          <img decoding=\"async\" src=\"https:\/\/www.scheelarquitectos.com\/wp-content\/uploads\/2024\/06\/02-2.jpg\" itemprop=\"thumbnail\" alt=\"Image description\"\/> \r\n\t\t  <div data-ix=\"move-portfolio-overlay-bottom\" class=\"w-inline-block portfolio-overlay-bottom\">\r\n         <h4 data-ix=\"move-portfolio-title\" class=\"portfolio-title no-margin\">2008 Edificaciones Menores Prolesur S.A<\/h4>\r\n         <div data-ix=\"move-portfolio-title\" class=\"portfolio-sub-title\">Industria<\/div>\r\n         <\/div>\r\n     <\/div><\/a>\r\n      <\/figure><figure itemprop=\"associatedMedia\" itemscope itemtype=\"http:\/\/schema.org\/ImageObject\" class=\"item item-less item-5-columns  cat-3\"  ><a  class=\"plus\" href=\"https:\/\/www.scheelarquitectos.com\/wp-content\/uploads\/2024\/06\/01-24.jpg\" itemprop=\"contentUrl\" data-size=\"499x259\"><div data-ix=\"over-portfolio-content-bottom\" class=\"portfolio-overlay  wow fadeInUp\">\r\n          <img decoding=\"async\" src=\"https:\/\/www.scheelarquitectos.com\/wp-content\/uploads\/2024\/06\/01-24.jpg\" itemprop=\"thumbnail\" alt=\"Image description\"\/> \r\n\t\t  <div data-ix=\"move-portfolio-overlay-bottom\" class=\"w-inline-block portfolio-overlay-bottom\">\r\n         <h4 data-ix=\"move-portfolio-title\" class=\"portfolio-title no-margin\">2008 Escuela Rio bueno<\/h4>\r\n         <div data-ix=\"move-portfolio-title\" class=\"portfolio-sub-title\">Educacion-Cultura-Salud<\/div>\r\n         <\/div>\r\n     <\/div><\/a>\r\n      <\/figure><figure itemprop=\"associatedMedia\" itemscope itemtype=\"http:\/\/schema.org\/ImageObject\" class=\"item item-less item-5-columns  cat-3\"  ><a  class=\"plus\" href=\"https:\/\/www.scheelarquitectos.com\/wp-content\/uploads\/2024\/06\/01-25.jpg\" itemprop=\"contentUrl\" data-size=\"494x310\"><div data-ix=\"over-portfolio-content-bottom\" class=\"portfolio-overlay  wow fadeInUp\">\r\n          <img decoding=\"async\" src=\"https:\/\/www.scheelarquitectos.com\/wp-content\/uploads\/2024\/06\/01-25.jpg\" itemprop=\"thumbnail\" alt=\"Image description\"\/> \r\n\t\t  <div data-ix=\"move-portfolio-overlay-bottom\" class=\"w-inline-block portfolio-overlay-bottom\">\r\n         <h4 data-ix=\"move-portfolio-title\" class=\"portfolio-title no-margin\">2008 Gimnasio y Multicancha cubierta IAO<\/h4>\r\n         <div data-ix=\"move-portfolio-title\" class=\"portfolio-sub-title\">Educacion-Cultura-Salud<\/div>\r\n         <\/div>\r\n     <\/div><\/a>\r\n      <\/figure><figure itemprop=\"associatedMedia\" itemscope itemtype=\"http:\/\/schema.org\/ImageObject\" class=\"item item-less item-5-columns  cat-3\"  ><a  class=\"plus\" href=\"https:\/\/www.scheelarquitectos.com\/wp-content\/uploads\/2024\/06\/01-26.jpg\" itemprop=\"contentUrl\" data-size=\"500x347\"><div data-ix=\"over-portfolio-content-bottom\" class=\"portfolio-overlay  wow fadeInUp\">\r\n          <img decoding=\"async\" src=\"https:\/\/www.scheelarquitectos.com\/wp-content\/uploads\/2024\/06\/01-26.jpg\" itemprop=\"thumbnail\" alt=\"Image description\"\/> \r\n\t\t  <div data-ix=\"move-portfolio-overlay-bottom\" class=\"w-inline-block portfolio-overlay-bottom\">\r\n         <h4 data-ix=\"move-portfolio-title\" class=\"portfolio-title no-margin\">2008 Inglesia Santa Rosa de Lima<\/h4>\r\n         <div data-ix=\"move-portfolio-title\" class=\"portfolio-sub-title\">Educacion-Cultura-Salud<\/div>\r\n         <\/div>\r\n     <\/div><\/a>\r\n      <\/figure><figure itemprop=\"associatedMedia\" itemscope itemtype=\"http:\/\/schema.org\/ImageObject\" class=\"item item-less item-5-columns  cat-6\"  ><a  class=\"plus\" href=\"https:\/\/www.scheelarquitectos.com\/wp-content\/uploads\/2016\/05\/01.png\" itemprop=\"contentUrl\" data-size=\"513x353\"><div data-ix=\"over-portfolio-content-bottom\" class=\"portfolio-overlay  wow fadeInUp\">\r\n          <img decoding=\"async\" src=\"https:\/\/www.scheelarquitectos.com\/wp-content\/uploads\/2016\/05\/01.png\" itemprop=\"thumbnail\" alt=\"Image description\"\/> \r\n\t\t  <div data-ix=\"move-portfolio-overlay-bottom\" class=\"w-inline-block portfolio-overlay-bottom\">\r\n         <h4 data-ix=\"move-portfolio-title\" class=\"portfolio-title no-margin\">2008 Loteo Cucao-Rahue Chiloe\u0301<\/h4>\r\n         <div data-ix=\"move-portfolio-title\" class=\"portfolio-sub-title\">Urbanismo y Paisaje<\/div>\r\n         <\/div>\r\n     <\/div><\/a>\r\n      <\/figure><figure itemprop=\"associatedMedia\" itemscope itemtype=\"http:\/\/schema.org\/ImageObject\" class=\"item item-less item-5-columns  cat-6\"  ><a  class=\"plus\" href=\"https:\/\/www.scheelarquitectos.com\/wp-content\/uploads\/2016\/05\/02.png\" itemprop=\"contentUrl\" data-size=\"482x359\"><div data-ix=\"over-portfolio-content-bottom\" class=\"portfolio-overlay  wow fadeInUp\">\r\n          <img decoding=\"async\" src=\"https:\/\/www.scheelarquitectos.com\/wp-content\/uploads\/2016\/05\/02.png\" itemprop=\"thumbnail\" alt=\"Image description\"\/> \r\n\t\t  <div data-ix=\"move-portfolio-overlay-bottom\" class=\"w-inline-block portfolio-overlay-bottom\">\r\n         <h4 data-ix=\"move-portfolio-title\" class=\"portfolio-title no-margin\">2008 Mirador Puyehue<\/h4>\r\n         <div data-ix=\"move-portfolio-title\" class=\"portfolio-sub-title\">Urbanismo y Paisaje<\/div>\r\n         <\/div>\r\n     <\/div><\/a>\r\n      <\/figure><figure itemprop=\"associatedMedia\" itemscope itemtype=\"http:\/\/schema.org\/ImageObject\" class=\"item item-less item-5-columns  cat-5\"  ><a  class=\"plus\" href=\"https:\/\/www.scheelarquitectos.com\/wp-content\/uploads\/2024\/06\/06.jpg\" itemprop=\"contentUrl\" data-size=\"496x296\"><div data-ix=\"over-portfolio-content-bottom\" class=\"portfolio-overlay  wow fadeInUp\">\r\n          <img decoding=\"async\" src=\"https:\/\/www.scheelarquitectos.com\/wp-content\/uploads\/2024\/06\/06.jpg\" itemprop=\"thumbnail\" alt=\"Image description\"\/> \r\n\t\t  <div data-ix=\"move-portfolio-overlay-bottom\" class=\"w-inline-block portfolio-overlay-bottom\">\r\n         <h4 data-ix=\"move-portfolio-title\" class=\"portfolio-title no-margin\">2008 Nuevos Ban\u0303os Vestidores Frigosor<\/h4>\r\n         <div data-ix=\"move-portfolio-title\" class=\"portfolio-sub-title\">Industria<\/div>\r\n         <\/div>\r\n     <\/div><\/a>\r\n      <\/figure><figure itemprop=\"associatedMedia\" itemscope itemtype=\"http:\/\/schema.org\/ImageObject\" class=\"item item-less item-5-columns  cat-3\"  ><a  class=\"plus\" href=\"https:\/\/www.scheelarquitectos.com\/wp-content\/uploads\/2024\/06\/01-28.jpg\" itemprop=\"contentUrl\" data-size=\"257x339\"><div data-ix=\"over-portfolio-content-bottom\" class=\"portfolio-overlay  wow fadeInUp\">\r\n          <img decoding=\"async\" src=\"https:\/\/www.scheelarquitectos.com\/wp-content\/uploads\/2024\/06\/01-28.jpg\" itemprop=\"thumbnail\" alt=\"Image description\"\/> \r\n\t\t  <div data-ix=\"move-portfolio-overlay-bottom\" class=\"w-inline-block portfolio-overlay-bottom\">\r\n         <h4 data-ix=\"move-portfolio-title\" class=\"portfolio-title no-margin\">2008 Oficinas administraci\u00f3n IAO<\/h4>\r\n         <div data-ix=\"move-portfolio-title\" class=\"portfolio-sub-title\">Educacion-Cultura-Salud<\/div>\r\n         <\/div>\r\n     <\/div><\/a>\r\n      <\/figure><figure itemprop=\"associatedMedia\" itemscope itemtype=\"http:\/\/schema.org\/ImageObject\" class=\"item item-less item-5-columns  cat-4\"  ><a  class=\"plus\" href=\"https:\/\/www.scheelarquitectos.com\/wp-content\/uploads\/2024\/06\/02-7.jpg\" itemprop=\"contentUrl\" data-size=\"461x342\"><div data-ix=\"over-portfolio-content-bottom\" class=\"portfolio-overlay  wow fadeInUp\">\r\n          <img decoding=\"async\" src=\"https:\/\/www.scheelarquitectos.com\/wp-content\/uploads\/2024\/06\/02-7.jpg\" itemprop=\"thumbnail\" alt=\"Image description\"\/> \r\n\t\t  <div data-ix=\"move-portfolio-overlay-bottom\" class=\"w-inline-block portfolio-overlay-bottom\">\r\n         <h4 data-ix=\"move-portfolio-title\" class=\"portfolio-title no-margin\">2008 Oficinas DS Seguros Osorno<\/h4>\r\n         <div data-ix=\"move-portfolio-title\" class=\"portfolio-sub-title\">Comercio-Oficinas-Recreacion<\/div>\r\n         <\/div>\r\n     <\/div><\/a>\r\n      <\/figure><figure itemprop=\"associatedMedia\" itemscope itemtype=\"http:\/\/schema.org\/ImageObject\" class=\"item item-less item-5-columns  cat-3\"  ><a  class=\"plus\" href=\"https:\/\/www.scheelarquitectos.com\/wp-content\/uploads\/2024\/06\/01-29.jpg\" itemprop=\"contentUrl\" data-size=\"497x225\"><div data-ix=\"over-portfolio-content-bottom\" class=\"portfolio-overlay  wow fadeInUp\">\r\n          <img decoding=\"async\" src=\"https:\/\/www.scheelarquitectos.com\/wp-content\/uploads\/2024\/06\/01-29.jpg\" itemprop=\"thumbnail\" alt=\"Image description\"\/> \r\n\t\t  <div data-ix=\"move-portfolio-overlay-bottom\" class=\"w-inline-block portfolio-overlay-bottom\">\r\n         <h4 data-ix=\"move-portfolio-title\" class=\"portfolio-title no-margin\">2008 Pabell\u00f3n Aulas y Gimnasio Colegio Santa Cecilia Osorno<\/h4>\r\n         <div data-ix=\"move-portfolio-title\" class=\"portfolio-sub-title\">Educacion-Cultura-Salud<\/div>\r\n         <\/div>\r\n     <\/div><\/a>\r\n      <\/figure><figure itemprop=\"associatedMedia\" itemscope itemtype=\"http:\/\/schema.org\/ImageObject\" class=\"item item-less item-5-columns  cat-4\"  ><a  class=\"plus\" href=\"https:\/\/www.scheelarquitectos.com\/wp-content\/uploads\/2024\/06\/02-8.jpg\" itemprop=\"contentUrl\" data-size=\"496x326\"><div data-ix=\"over-portfolio-content-bottom\" class=\"portfolio-overlay  wow fadeInUp\">\r\n          <img decoding=\"async\" src=\"https:\/\/www.scheelarquitectos.com\/wp-content\/uploads\/2024\/06\/02-8.jpg\" itemprop=\"thumbnail\" alt=\"Image description\"\/> \r\n\t\t  <div data-ix=\"move-portfolio-overlay-bottom\" class=\"w-inline-block portfolio-overlay-bottom\">\r\n         <h4 data-ix=\"move-portfolio-title\" class=\"portfolio-title no-margin\">2008 Pabello\u0301n Informa\u0301tico Skretting<\/h4>\r\n         <div data-ix=\"move-portfolio-title\" class=\"portfolio-sub-title\">Comercio-Oficinas-Recreacion<\/div>\r\n         <\/div>\r\n     <\/div><\/a>\r\n      <\/figure><figure itemprop=\"associatedMedia\" itemscope itemtype=\"http:\/\/schema.org\/ImageObject\" class=\"item item-less item-5-columns  cat-3\"  ><a  class=\"plus\" href=\"https:\/\/www.scheelarquitectos.com\/wp-content\/uploads\/2024\/06\/01-30.jpg\" itemprop=\"contentUrl\" data-size=\"487x332\"><div data-ix=\"over-portfolio-content-bottom\" class=\"portfolio-overlay  wow fadeInUp\">\r\n          <img decoding=\"async\" src=\"https:\/\/www.scheelarquitectos.com\/wp-content\/uploads\/2024\/06\/01-30.jpg\" itemprop=\"thumbnail\" alt=\"Image description\"\/> \r\n\t\t  <div data-ix=\"move-portfolio-overlay-bottom\" class=\"w-inline-block portfolio-overlay-bottom\">\r\n         <h4 data-ix=\"move-portfolio-title\" class=\"portfolio-title no-margin\">2008 Pabell\u00f3n M\u00fasica Colegio San Mateo<\/h4>\r\n         <div data-ix=\"move-portfolio-title\" class=\"portfolio-sub-title\">Educacion-Cultura-Salud<\/div>\r\n         <\/div>\r\n     <\/div><\/a>\r\n      <\/figure><figure itemprop=\"associatedMedia\" itemscope itemtype=\"http:\/\/schema.org\/ImageObject\" class=\"item item-less item-5-columns  cat-5\"  ><a  class=\"plus\" href=\"https:\/\/www.scheelarquitectos.com\/wp-content\/uploads\/2024\/06\/05-1.jpg\" itemprop=\"contentUrl\" data-size=\"460x340\"><div data-ix=\"over-portfolio-content-bottom\" class=\"portfolio-overlay  wow fadeInUp\">\r\n          <img decoding=\"async\" src=\"https:\/\/www.scheelarquitectos.com\/wp-content\/uploads\/2024\/06\/05-1.jpg\" itemprop=\"thumbnail\" alt=\"Image description\"\/> \r\n\t\t  <div data-ix=\"move-portfolio-overlay-bottom\" class=\"w-inline-block portfolio-overlay-bottom\">\r\n         <h4 data-ix=\"move-portfolio-title\" class=\"portfolio-title no-margin\">2008 Piscicultura fiordo Ayse\u0301n<\/h4>\r\n         <div data-ix=\"move-portfolio-title\" class=\"portfolio-sub-title\">Industria<\/div>\r\n         <\/div>\r\n     <\/div><\/a>\r\n      <\/figure><figure itemprop=\"associatedMedia\" itemscope itemtype=\"http:\/\/schema.org\/ImageObject\" class=\"item item-less item-5-columns  cat-6\"  ><a  class=\"plus\" href=\"https:\/\/www.scheelarquitectos.com\/wp-content\/uploads\/2016\/05\/04.png\" itemprop=\"contentUrl\" data-size=\"483x356\"><div data-ix=\"over-portfolio-content-bottom\" class=\"portfolio-overlay  wow fadeInUp\">\r\n          <img decoding=\"async\" src=\"https:\/\/www.scheelarquitectos.com\/wp-content\/uploads\/2016\/05\/04.png\" itemprop=\"thumbnail\" alt=\"Image description\"\/> \r\n\t\t  <div data-ix=\"move-portfolio-overlay-bottom\" class=\"w-inline-block portfolio-overlay-bottom\">\r\n         <h4 data-ix=\"move-portfolio-title\" class=\"portfolio-title no-margin\">2008 Propuesta Intervencio\u0301n Turistica Cucao-Rahue Chiloe\u0301<\/h4>\r\n         <div data-ix=\"move-portfolio-title\" class=\"portfolio-sub-title\">Urbanismo y Paisaje<\/div>\r\n         <\/div>\r\n     <\/div><\/a>\r\n      <\/figure><figure itemprop=\"associatedMedia\" itemscope itemtype=\"http:\/\/schema.org\/ImageObject\" class=\"item item-less item-5-columns  cat-2\"  ><a  class=\"plus\" href=\"https:\/\/www.scheelarquitectos.com\/wp-content\/uploads\/2024\/06\/01-3.png\" itemprop=\"contentUrl\" data-size=\"500x347\"><div data-ix=\"over-portfolio-content-bottom\" class=\"portfolio-overlay  wow fadeInUp\">\r\n          <img decoding=\"async\" src=\"https:\/\/www.scheelarquitectos.com\/wp-content\/uploads\/2024\/06\/01-3.png\" itemprop=\"thumbnail\" alt=\"Image description\"\/> \r\n\t\t  <div data-ix=\"move-portfolio-overlay-bottom\" class=\"w-inline-block portfolio-overlay-bottom\">\r\n         <h4 data-ix=\"move-portfolio-title\" class=\"portfolio-title no-margin\">2009 CASA GOCA<\/h4>\r\n         <div data-ix=\"move-portfolio-title\" class=\"portfolio-sub-title\">Vivienda<\/div>\r\n         <\/div>\r\n     <\/div><\/a>\r\n      <\/figure><figure itemprop=\"associatedMedia\" itemscope itemtype=\"http:\/\/schema.org\/ImageObject\" class=\"item item-less item-5-columns  cat-3\"  ><a  class=\"plus\" href=\"https:\/\/www.scheelarquitectos.com\/wp-content\/uploads\/2024\/06\/01-31.jpg\" itemprop=\"contentUrl\" data-size=\"1600x800\"><div data-ix=\"over-portfolio-content-bottom\" class=\"portfolio-overlay  wow fadeInUp\">\r\n          <img decoding=\"async\" src=\"https:\/\/www.scheelarquitectos.com\/wp-content\/uploads\/2024\/06\/01-31-1024x512.jpg\" itemprop=\"thumbnail\" alt=\"Image description\"\/> \r\n\t\t  <div data-ix=\"move-portfolio-overlay-bottom\" class=\"w-inline-block portfolio-overlay-bottom\">\r\n         <h4 data-ix=\"move-portfolio-title\" class=\"portfolio-title no-margin\">2009 Consultorio Antonio Varas Puerto Varas<\/h4>\r\n         <div data-ix=\"move-portfolio-title\" class=\"portfolio-sub-title\">Educacion-Cultura-Salud<\/div>\r\n         <\/div>\r\n     <\/div><\/a>\r\n      <\/figure><figure itemprop=\"associatedMedia\" itemscope itemtype=\"http:\/\/schema.org\/ImageObject\" class=\"item item-less item-5-columns  cat-5\"  ><a  class=\"plus\" href=\"https:\/\/www.scheelarquitectos.com\/wp-content\/uploads\/2024\/06\/03-1.jpg\" itemprop=\"contentUrl\" data-size=\"492x342\"><div data-ix=\"over-portfolio-content-bottom\" class=\"portfolio-overlay  wow fadeInUp\">\r\n          <img decoding=\"async\" src=\"https:\/\/www.scheelarquitectos.com\/wp-content\/uploads\/2024\/06\/03-1.jpg\" itemprop=\"thumbnail\" alt=\"Image description\"\/> \r\n\t\t  <div data-ix=\"move-portfolio-overlay-bottom\" class=\"w-inline-block portfolio-overlay-bottom\">\r\n         <h4 data-ix=\"move-portfolio-title\" class=\"portfolio-title no-margin\">2009 Piscicultura Cululi\u0301<\/h4>\r\n         <div data-ix=\"move-portfolio-title\" class=\"portfolio-sub-title\">Industria<\/div>\r\n         <\/div>\r\n     <\/div><\/a>\r\n      <\/figure><figure itemprop=\"associatedMedia\" itemscope itemtype=\"http:\/\/schema.org\/ImageObject\" class=\"item item-less item-5-columns  cat-5\"  ><a  class=\"plus\" href=\"https:\/\/www.scheelarquitectos.com\/wp-content\/uploads\/2024\/06\/02-3.jpg\" itemprop=\"contentUrl\" data-size=\"500x346\"><div data-ix=\"over-portfolio-content-bottom\" class=\"portfolio-overlay  wow fadeInUp\">\r\n          <img decoding=\"async\" src=\"https:\/\/www.scheelarquitectos.com\/wp-content\/uploads\/2024\/06\/02-3.jpg\" itemprop=\"thumbnail\" alt=\"Image description\"\/> \r\n\t\t  <div data-ix=\"move-portfolio-overlay-bottom\" class=\"w-inline-block portfolio-overlay-bottom\">\r\n         <h4 data-ix=\"move-portfolio-title\" class=\"portfolio-title no-margin\">2009 Piscicultura Panitao<\/h4>\r\n         <div data-ix=\"move-portfolio-title\" class=\"portfolio-sub-title\">Industria<\/div>\r\n         <\/div>\r\n     <\/div><\/a>\r\n      <\/figure><figure itemprop=\"associatedMedia\" itemscope itemtype=\"http:\/\/schema.org\/ImageObject\" class=\"item item-less item-5-columns  cat-5\"  ><a  class=\"plus\" href=\"https:\/\/www.scheelarquitectos.com\/wp-content\/uploads\/2024\/06\/01-2.jpg\" itemprop=\"contentUrl\" data-size=\"418x344\"><div data-ix=\"over-portfolio-content-bottom\" class=\"portfolio-overlay  wow fadeInUp\">\r\n          <img decoding=\"async\" src=\"https:\/\/www.scheelarquitectos.com\/wp-content\/uploads\/2024\/06\/01-2.jpg\" itemprop=\"thumbnail\" alt=\"Image description\"\/> \r\n\t\t  <div data-ix=\"move-portfolio-overlay-bottom\" class=\"w-inline-block portfolio-overlay-bottom\">\r\n         <h4 data-ix=\"move-portfolio-title\" class=\"portfolio-title no-margin\">2009 Recepcio\u0301n oficinas Skretting Osorno<\/h4>\r\n         <div data-ix=\"move-portfolio-title\" class=\"portfolio-sub-title\">Industria<\/div>\r\n         <\/div>\r\n     <\/div><\/a>\r\n      <\/figure><figure itemprop=\"associatedMedia\" itemscope itemtype=\"http:\/\/schema.org\/ImageObject\" class=\"item item-less item-5-columns  cat-2\"  ><a  class=\"plus\" href=\"https:\/\/www.scheelarquitectos.com\/wp-content\/uploads\/2024\/06\/01-4.png\" itemprop=\"contentUrl\" data-size=\"500x347\"><div data-ix=\"over-portfolio-content-bottom\" class=\"portfolio-overlay  wow fadeInUp\">\r\n          <img decoding=\"async\" src=\"https:\/\/www.scheelarquitectos.com\/wp-content\/uploads\/2024\/06\/01-4.png\" itemprop=\"thumbnail\" alt=\"Image description\"\/> \r\n\t\t  <div data-ix=\"move-portfolio-overlay-bottom\" class=\"w-inline-block portfolio-overlay-bottom\">\r\n         <h4 data-ix=\"move-portfolio-title\" class=\"portfolio-title no-margin\">2010 CASA ISLA<\/h4>\r\n         <div data-ix=\"move-portfolio-title\" class=\"portfolio-sub-title\">Vivienda<\/div>\r\n         <\/div>\r\n     <\/div><\/a>\r\n      <\/figure><figure itemprop=\"associatedMedia\" itemscope itemtype=\"http:\/\/schema.org\/ImageObject\" class=\"item item-less item-5-columns  cat-2\"  ><a  class=\"plus\" href=\"https:\/\/www.scheelarquitectos.com\/wp-content\/uploads\/2024\/06\/01-5.png\" itemprop=\"contentUrl\" data-size=\"500x347\"><div data-ix=\"over-portfolio-content-bottom\" class=\"portfolio-overlay  wow fadeInUp\">\r\n          <img decoding=\"async\" src=\"https:\/\/www.scheelarquitectos.com\/wp-content\/uploads\/2024\/06\/01-5.png\" itemprop=\"thumbnail\" alt=\"Image description\"\/> \r\n\t\t  <div data-ix=\"move-portfolio-overlay-bottom\" class=\"w-inline-block portfolio-overlay-bottom\">\r\n         <h4 data-ix=\"move-portfolio-title\" class=\"portfolio-title no-margin\">2010 CASA MOBU<\/h4>\r\n         <div data-ix=\"move-portfolio-title\" class=\"portfolio-sub-title\">Vivienda<\/div>\r\n         <\/div>\r\n     <\/div><\/a>\r\n      <\/figure><figure itemprop=\"associatedMedia\" itemscope itemtype=\"http:\/\/schema.org\/ImageObject\" class=\"item item-less item-5-columns  cat-2\"  ><a  class=\"plus\" href=\"https:\/\/www.scheelarquitectos.com\/wp-content\/uploads\/2024\/06\/01-6.png\" itemprop=\"contentUrl\" data-size=\"501x302\"><div data-ix=\"over-portfolio-content-bottom\" class=\"portfolio-overlay  wow fadeInUp\">\r\n          <img decoding=\"async\" src=\"https:\/\/www.scheelarquitectos.com\/wp-content\/uploads\/2024\/06\/01-6.png\" itemprop=\"thumbnail\" alt=\"Image description\"\/> \r\n\t\t  <div data-ix=\"move-portfolio-overlay-bottom\" class=\"w-inline-block portfolio-overlay-bottom\">\r\n         <h4 data-ix=\"move-portfolio-title\" class=\"portfolio-title no-margin\">2010 CASA PUYEHUE<\/h4>\r\n         <div data-ix=\"move-portfolio-title\" class=\"portfolio-sub-title\">Vivienda<\/div>\r\n         <\/div>\r\n     <\/div><\/a>\r\n      <\/figure><figure itemprop=\"associatedMedia\" itemscope itemtype=\"http:\/\/schema.org\/ImageObject\" class=\"item item-less item-5-columns  cat-2\"  ><a  class=\"plus\" href=\"https:\/\/www.scheelarquitectos.com\/wp-content\/uploads\/2024\/06\/01-7.png\" itemprop=\"contentUrl\" data-size=\"500x347\"><div data-ix=\"over-portfolio-content-bottom\" class=\"portfolio-overlay  wow fadeInUp\">\r\n          <img decoding=\"async\" src=\"https:\/\/www.scheelarquitectos.com\/wp-content\/uploads\/2024\/06\/01-7.png\" itemprop=\"thumbnail\" alt=\"Image description\"\/> \r\n\t\t  <div data-ix=\"move-portfolio-overlay-bottom\" class=\"w-inline-block portfolio-overlay-bottom\">\r\n         <h4 data-ix=\"move-portfolio-title\" class=\"portfolio-title no-margin\">2010 CASA ROS<\/h4>\r\n         <div data-ix=\"move-portfolio-title\" class=\"portfolio-sub-title\">Vivienda<\/div>\r\n         <\/div>\r\n     <\/div><\/a>\r\n      <\/figure><figure itemprop=\"associatedMedia\" itemscope itemtype=\"http:\/\/schema.org\/ImageObject\" class=\"item item-less item-5-columns  cat-4\"  ><a  class=\"plus\" href=\"https:\/\/www.scheelarquitectos.com\/wp-content\/uploads\/2024\/06\/01-7.jpg\" itemprop=\"contentUrl\" data-size=\"496x239\"><div data-ix=\"over-portfolio-content-bottom\" class=\"portfolio-overlay  wow fadeInUp\">\r\n          <img decoding=\"async\" src=\"https:\/\/www.scheelarquitectos.com\/wp-content\/uploads\/2024\/06\/01-7.jpg\" itemprop=\"thumbnail\" alt=\"Image description\"\/> \r\n\t\t  <div data-ix=\"move-portfolio-overlay-bottom\" class=\"w-inline-block portfolio-overlay-bottom\">\r\n         <h4 data-ix=\"move-portfolio-title\" class=\"portfolio-title no-margin\">2010 Remodelacio\u0301n Ban\u0303os y Vestidores Prolesur<\/h4>\r\n         <div data-ix=\"move-portfolio-title\" class=\"portfolio-sub-title\">Comercio-Oficinas-Recreacion<\/div>\r\n         <\/div>\r\n     <\/div><\/a>\r\n      <\/figure><figure itemprop=\"associatedMedia\" itemscope itemtype=\"http:\/\/schema.org\/ImageObject\" class=\"item item-less item-5-columns  cat-2\"  ><a  class=\"plus\" href=\"https:\/\/www.scheelarquitectos.com\/wp-content\/uploads\/2024\/06\/01-8.png\" itemprop=\"contentUrl\" data-size=\"499x248\"><div data-ix=\"over-portfolio-content-bottom\" class=\"portfolio-overlay  wow fadeInUp\">\r\n          <img decoding=\"async\" src=\"https:\/\/www.scheelarquitectos.com\/wp-content\/uploads\/2024\/06\/01-8.png\" itemprop=\"thumbnail\" alt=\"Image description\"\/> \r\n\t\t  <div data-ix=\"move-portfolio-overlay-bottom\" class=\"w-inline-block portfolio-overlay-bottom\">\r\n         <h4 data-ix=\"move-portfolio-title\" class=\"portfolio-title no-margin\">2011 CASA PUERTO OCTAY<\/h4>\r\n         <div data-ix=\"move-portfolio-title\" class=\"portfolio-sub-title\">Vivienda<\/div>\r\n         <\/div>\r\n     <\/div><\/a>\r\n      <\/figure><figure itemprop=\"associatedMedia\" itemscope itemtype=\"http:\/\/schema.org\/ImageObject\" class=\"item item-less item-5-columns  cat-4\"  ><a  class=\"plus\" href=\"https:\/\/www.scheelarquitectos.com\/wp-content\/uploads\/2024\/06\/01-8.jpg\" itemprop=\"contentUrl\" data-size=\"476x344\"><div data-ix=\"over-portfolio-content-bottom\" class=\"portfolio-overlay  wow fadeInUp\">\r\n          <img decoding=\"async\" src=\"https:\/\/www.scheelarquitectos.com\/wp-content\/uploads\/2024\/06\/01-8.jpg\" itemprop=\"thumbnail\" alt=\"Image description\"\/> \r\n\t\t  <div data-ix=\"move-portfolio-overlay-bottom\" class=\"w-inline-block portfolio-overlay-bottom\">\r\n         <h4 data-ix=\"move-portfolio-title\" class=\"portfolio-title no-margin\">2011 Hotel Termas de Puyehue<\/h4>\r\n         <div data-ix=\"move-portfolio-title\" class=\"portfolio-sub-title\">Comercio-Oficinas-Recreacion<\/div>\r\n         <\/div>\r\n     <\/div><\/a>\r\n      <\/figure><figure itemprop=\"associatedMedia\" itemscope itemtype=\"http:\/\/schema.org\/ImageObject\" class=\"item item-less item-5-columns  cat-4\"  ><a  class=\"plus\" href=\"https:\/\/www.scheelarquitectos.com\/wp-content\/uploads\/2024\/06\/01-9.jpg\" itemprop=\"contentUrl\" data-size=\"499x245\"><div data-ix=\"over-portfolio-content-bottom\" class=\"portfolio-overlay  wow fadeInUp\">\r\n          <img decoding=\"async\" src=\"https:\/\/www.scheelarquitectos.com\/wp-content\/uploads\/2024\/06\/01-9.jpg\" itemprop=\"thumbnail\" alt=\"Image description\"\/> \r\n\t\t  <div data-ix=\"move-portfolio-overlay-bottom\" class=\"w-inline-block portfolio-overlay-bottom\">\r\n         <h4 data-ix=\"move-portfolio-title\" class=\"portfolio-title no-margin\">2011 Kia Remodelacio\u0301n Automotriz Arauco<\/h4>\r\n         <div data-ix=\"move-portfolio-title\" class=\"portfolio-sub-title\">Comercio-Oficinas-Recreacion<\/div>\r\n         <\/div>\r\n     <\/div><\/a>\r\n      <\/figure><figure itemprop=\"associatedMedia\" itemscope itemtype=\"http:\/\/schema.org\/ImageObject\" class=\"item item-less item-5-columns  cat-4\"  ><a  class=\"plus\" href=\"https:\/\/www.scheelarquitectos.com\/wp-content\/uploads\/2024\/06\/05-3.jpg\" itemprop=\"contentUrl\" data-size=\"498x302\"><div data-ix=\"over-portfolio-content-bottom\" class=\"portfolio-overlay  wow fadeInUp\">\r\n          <img decoding=\"async\" src=\"https:\/\/www.scheelarquitectos.com\/wp-content\/uploads\/2024\/06\/05-3.jpg\" itemprop=\"thumbnail\" alt=\"Image description\"\/> \r\n\t\t  <div data-ix=\"move-portfolio-overlay-bottom\" class=\"w-inline-block portfolio-overlay-bottom\">\r\n         <h4 data-ix=\"move-portfolio-title\" class=\"portfolio-title no-margin\">2011 Nuevo Servicio Te\u0301cnico Automotriz Arauco<\/h4>\r\n         <div data-ix=\"move-portfolio-title\" class=\"portfolio-sub-title\">Comercio-Oficinas-Recreacion<\/div>\r\n         <\/div>\r\n     <\/div><\/a>\r\n      <\/figure><figure itemprop=\"associatedMedia\" itemscope itemtype=\"http:\/\/schema.org\/ImageObject\" class=\"item item-less item-5-columns  cat-4\"  ><a  class=\"plus\" href=\"https:\/\/www.scheelarquitectos.com\/wp-content\/uploads\/2024\/06\/02-9.jpg\" itemprop=\"contentUrl\" data-size=\"497x236\"><div data-ix=\"over-portfolio-content-bottom\" class=\"portfolio-overlay  wow fadeInUp\">\r\n          <img decoding=\"async\" src=\"https:\/\/www.scheelarquitectos.com\/wp-content\/uploads\/2024\/06\/02-9.jpg\" itemprop=\"thumbnail\" alt=\"Image description\"\/> \r\n\t\t  <div data-ix=\"move-portfolio-overlay-bottom\" class=\"w-inline-block portfolio-overlay-bottom\">\r\n         <h4 data-ix=\"move-portfolio-title\" class=\"portfolio-title no-margin\">2011 Oficinas Ampliacio\u0301n Prolesur Osorno<\/h4>\r\n         <div data-ix=\"move-portfolio-title\" class=\"portfolio-sub-title\">Comercio-Oficinas-Recreacion<\/div>\r\n         <\/div>\r\n     <\/div><\/a>\r\n      <\/figure><figure itemprop=\"associatedMedia\" itemscope itemtype=\"http:\/\/schema.org\/ImageObject\" class=\"item item-less item-5-columns  cat-4\"  ><a  class=\"plus\" href=\"https:\/\/www.scheelarquitectos.com\/wp-content\/uploads\/2024\/06\/04-2.jpg\" itemprop=\"contentUrl\" data-size=\"494x250\"><div data-ix=\"over-portfolio-content-bottom\" class=\"portfolio-overlay  wow fadeInUp\">\r\n          <img decoding=\"async\" src=\"https:\/\/www.scheelarquitectos.com\/wp-content\/uploads\/2024\/06\/04-2.jpg\" itemprop=\"thumbnail\" alt=\"Image description\"\/> \r\n\t\t  <div data-ix=\"move-portfolio-overlay-bottom\" class=\"w-inline-block portfolio-overlay-bottom\">\r\n         <h4 data-ix=\"move-portfolio-title\" class=\"portfolio-title no-margin\">2011 Oficinas Ferosor Purranque<\/h4>\r\n         <div data-ix=\"move-portfolio-title\" class=\"portfolio-sub-title\">Comercio-Oficinas-Recreacion<\/div>\r\n         <\/div>\r\n     <\/div><\/a>\r\n      <\/figure><figure itemprop=\"associatedMedia\" itemscope itemtype=\"http:\/\/schema.org\/ImageObject\" class=\"item item-less item-5-columns  cat-5\"  ><a  class=\"plus\" href=\"https:\/\/www.scheelarquitectos.com\/wp-content\/uploads\/2024\/06\/02-4.jpg\" itemprop=\"contentUrl\" data-size=\"500x318\"><div data-ix=\"over-portfolio-content-bottom\" class=\"portfolio-overlay  wow fadeInUp\">\r\n          <img decoding=\"async\" src=\"https:\/\/www.scheelarquitectos.com\/wp-content\/uploads\/2024\/06\/02-4.jpg\" itemprop=\"thumbnail\" alt=\"Image description\"\/> \r\n\t\t  <div data-ix=\"move-portfolio-overlay-bottom\" class=\"w-inline-block portfolio-overlay-bottom\">\r\n         <h4 data-ix=\"move-portfolio-title\" class=\"portfolio-title no-margin\">2012 Piscicultura Pilmaique\u0301n<\/h4>\r\n         <div data-ix=\"move-portfolio-title\" class=\"portfolio-sub-title\">Industria<\/div>\r\n         <\/div>\r\n     <\/div><\/a>\r\n      <\/figure><figure itemprop=\"associatedMedia\" itemscope itemtype=\"http:\/\/schema.org\/ImageObject\" class=\"item item-less item-5-columns  cat-2\"  ><a  class=\"plus\" href=\"https:\/\/www.scheelarquitectos.com\/wp-content\/uploads\/2024\/06\/01-3-scaled.jpg\" itemprop=\"contentUrl\" data-size=\"2560x1047\"><div data-ix=\"over-portfolio-content-bottom\" class=\"portfolio-overlay  wow fadeInUp\">\r\n          <img decoding=\"async\" src=\"https:\/\/www.scheelarquitectos.com\/wp-content\/uploads\/2024\/06\/01-3-1024x419.jpg\" itemprop=\"thumbnail\" alt=\"Image description\"\/> \r\n\t\t  <div data-ix=\"move-portfolio-overlay-bottom\" class=\"w-inline-block portfolio-overlay-bottom\">\r\n         <h4 data-ix=\"move-portfolio-title\" class=\"portfolio-title no-margin\">2013 CASA J<\/h4>\r\n         <div data-ix=\"move-portfolio-title\" class=\"portfolio-sub-title\">Vivienda<\/div>\r\n         <\/div>\r\n     <\/div><\/a>\r\n      <\/figure><figure itemprop=\"associatedMedia\" itemscope itemtype=\"http:\/\/schema.org\/ImageObject\" class=\"item item-less item-5-columns  cat-3\"  ><a  class=\"plus\" href=\"https:\/\/www.scheelarquitectos.com\/wp-content\/uploads\/2024\/06\/01-32.jpg\" itemprop=\"contentUrl\" data-size=\"1845x1320\"><div data-ix=\"over-portfolio-content-bottom\" class=\"portfolio-overlay  wow fadeInUp\">\r\n          <img decoding=\"async\" src=\"https:\/\/www.scheelarquitectos.com\/wp-content\/uploads\/2024\/06\/01-32-1024x733.jpg\" itemprop=\"thumbnail\" alt=\"Image description\"\/> \r\n\t\t  <div data-ix=\"move-portfolio-overlay-bottom\" class=\"w-inline-block portfolio-overlay-bottom\">\r\n         <h4 data-ix=\"move-portfolio-title\" class=\"portfolio-title no-margin\">2013 Oficinas y Sede CChC<\/h4>\r\n         <div data-ix=\"move-portfolio-title\" class=\"portfolio-sub-title\">Educacion-Cultura-Salud<\/div>\r\n         <\/div>\r\n     <\/div><\/a>\r\n      <\/figure><figure itemprop=\"associatedMedia\" itemscope itemtype=\"http:\/\/schema.org\/ImageObject\" class=\"item item-less item-5-columns  cat-4\"  ><a  class=\"plus\" href=\"https:\/\/www.scheelarquitectos.com\/wp-content\/uploads\/2024\/06\/01-10.jpg\" itemprop=\"contentUrl\" data-size=\"494x321\"><div data-ix=\"over-portfolio-content-bottom\" class=\"portfolio-overlay  wow fadeInUp\">\r\n          <img decoding=\"async\" src=\"https:\/\/www.scheelarquitectos.com\/wp-content\/uploads\/2024\/06\/01-10.jpg\" itemprop=\"thumbnail\" alt=\"Image description\"\/> \r\n\t\t  <div data-ix=\"move-portfolio-overlay-bottom\" class=\"w-inline-block portfolio-overlay-bottom\">\r\n         <h4 data-ix=\"move-portfolio-title\" class=\"portfolio-title no-margin\">2013 Pabello\u0301n Termas de Puyehue<\/h4>\r\n         <div data-ix=\"move-portfolio-title\" class=\"portfolio-sub-title\">Comercio-Oficinas-Recreacion<\/div>\r\n         <\/div>\r\n     <\/div><\/a>\r\n      <\/figure><figure itemprop=\"associatedMedia\" itemscope itemtype=\"http:\/\/schema.org\/ImageObject\" class=\"item item-less item-5-columns  cat-4\"  ><a  class=\"plus\" href=\"https:\/\/www.scheelarquitectos.com\/wp-content\/uploads\/2024\/06\/01-11.jpg\" itemprop=\"contentUrl\" data-size=\"494x341\"><div data-ix=\"over-portfolio-content-bottom\" class=\"portfolio-overlay  wow fadeInUp\">\r\n          <img decoding=\"async\" src=\"https:\/\/www.scheelarquitectos.com\/wp-content\/uploads\/2024\/06\/01-11.jpg\" itemprop=\"thumbnail\" alt=\"Image description\"\/> \r\n\t\t  <div data-ix=\"move-portfolio-overlay-bottom\" class=\"w-inline-block portfolio-overlay-bottom\">\r\n         <h4 data-ix=\"move-portfolio-title\" class=\"portfolio-title no-margin\">2013 Poolbar Termas de Puyehue<\/h4>\r\n         <div data-ix=\"move-portfolio-title\" class=\"portfolio-sub-title\">Comercio-Oficinas-Recreacion<\/div>\r\n         <\/div>\r\n     <\/div><\/a>\r\n      <\/figure><figure itemprop=\"associatedMedia\" itemscope itemtype=\"http:\/\/schema.org\/ImageObject\" class=\"item item-less item-5-columns  cat-4\"  ><a  class=\"plus\" href=\"https:\/\/www.scheelarquitectos.com\/wp-content\/uploads\/2024\/06\/01-12.jpg\" itemprop=\"contentUrl\" data-size=\"496x346\"><div data-ix=\"over-portfolio-content-bottom\" class=\"portfolio-overlay  wow fadeInUp\">\r\n          <img decoding=\"async\" src=\"https:\/\/www.scheelarquitectos.com\/wp-content\/uploads\/2024\/06\/01-12.jpg\" itemprop=\"thumbnail\" alt=\"Image description\"\/> \r\n\t\t  <div data-ix=\"move-portfolio-overlay-bottom\" class=\"w-inline-block portfolio-overlay-bottom\">\r\n         <h4 data-ix=\"move-portfolio-title\" class=\"portfolio-title no-margin\">2013 Showcooking Termas de Puyehue<\/h4>\r\n         <div data-ix=\"move-portfolio-title\" class=\"portfolio-sub-title\">Comercio-Oficinas-Recreacion<\/div>\r\n         <\/div>\r\n     <\/div><\/a>\r\n      <\/figure><figure itemprop=\"associatedMedia\" itemscope itemtype=\"http:\/\/schema.org\/ImageObject\" class=\"item item-less item-5-columns  cat-4\"  ><a  class=\"plus\" href=\"https:\/\/www.scheelarquitectos.com\/wp-content\/uploads\/2024\/06\/01-13.jpg\" itemprop=\"contentUrl\" data-size=\"496x299\"><div data-ix=\"over-portfolio-content-bottom\" class=\"portfolio-overlay  wow fadeInUp\">\r\n          <img decoding=\"async\" src=\"https:\/\/www.scheelarquitectos.com\/wp-content\/uploads\/2024\/06\/01-13.jpg\" itemprop=\"thumbnail\" alt=\"Image description\"\/> \r\n\t\t  <div data-ix=\"move-portfolio-overlay-bottom\" class=\"w-inline-block portfolio-overlay-bottom\">\r\n         <h4 data-ix=\"move-portfolio-title\" class=\"portfolio-title no-margin\">2013 Showroom Automotriz Arauco Valdivia<\/h4>\r\n         <div data-ix=\"move-portfolio-title\" class=\"portfolio-sub-title\">Comercio-Oficinas-Recreacion<\/div>\r\n         <\/div>\r\n     <\/div><\/a>\r\n      <\/figure><figure itemprop=\"associatedMedia\" itemscope itemtype=\"http:\/\/schema.org\/ImageObject\" class=\"item item-less item-5-columns  cat-2\"  ><a  class=\"plus\" href=\"https:\/\/www.scheelarquitectos.com\/wp-content\/uploads\/2024\/06\/01-9.png\" itemprop=\"contentUrl\" data-size=\"1161x613\"><div data-ix=\"over-portfolio-content-bottom\" class=\"portfolio-overlay  wow fadeInUp\">\r\n          <img decoding=\"async\" src=\"https:\/\/www.scheelarquitectos.com\/wp-content\/uploads\/2024\/06\/01-9-1024x541.png\" itemprop=\"thumbnail\" alt=\"Image description\"\/> \r\n\t\t  <div data-ix=\"move-portfolio-overlay-bottom\" class=\"w-inline-block portfolio-overlay-bottom\">\r\n         <h4 data-ix=\"move-portfolio-title\" class=\"portfolio-title no-margin\">2016 CASA AQUECA<\/h4>\r\n         <div data-ix=\"move-portfolio-title\" class=\"portfolio-sub-title\">Vivienda<\/div>\r\n         <\/div>\r\n     <\/div><\/a>\r\n      <\/figure><figure itemprop=\"associatedMedia\" itemscope itemtype=\"http:\/\/schema.org\/ImageObject\" class=\"item item-less item-5-columns  cat-2\"  ><a  class=\"plus\" href=\"https:\/\/www.scheelarquitectos.com\/wp-content\/uploads\/2024\/06\/01-10.png\" itemprop=\"contentUrl\" data-size=\"1150x590\"><div data-ix=\"over-portfolio-content-bottom\" class=\"portfolio-overlay  wow fadeInUp\">\r\n          <img decoding=\"async\" src=\"https:\/\/www.scheelarquitectos.com\/wp-content\/uploads\/2024\/06\/01-10-1024x525.png\" itemprop=\"thumbnail\" alt=\"Image description\"\/> \r\n\t\t  <div data-ix=\"move-portfolio-overlay-bottom\" class=\"w-inline-block portfolio-overlay-bottom\">\r\n         <h4 data-ix=\"move-portfolio-title\" class=\"portfolio-title no-margin\">2016 CASA BUMA<\/h4>\r\n         <div data-ix=\"move-portfolio-title\" class=\"portfolio-sub-title\">Vivienda<\/div>\r\n         <\/div>\r\n     <\/div><\/a>\r\n      <\/figure><figure itemprop=\"associatedMedia\" itemscope itemtype=\"http:\/\/schema.org\/ImageObject\" class=\"item item-less item-5-columns  cat-2\"  ><a  class=\"plus\" href=\"https:\/\/www.scheelarquitectos.com\/wp-content\/uploads\/2024\/06\/01-11.png\" itemprop=\"contentUrl\" data-size=\"1156x712\"><div data-ix=\"over-portfolio-content-bottom\" class=\"portfolio-overlay  wow fadeInUp\">\r\n          <img decoding=\"async\" src=\"https:\/\/www.scheelarquitectos.com\/wp-content\/uploads\/2024\/06\/01-11-1024x631.png\" itemprop=\"thumbnail\" alt=\"Image description\"\/> \r\n\t\t  <div data-ix=\"move-portfolio-overlay-bottom\" class=\"w-inline-block portfolio-overlay-bottom\">\r\n         <h4 data-ix=\"move-portfolio-title\" class=\"portfolio-title no-margin\">2016 CASA INO<\/h4>\r\n         <div data-ix=\"move-portfolio-title\" class=\"portfolio-sub-title\">Vivienda<\/div>\r\n         <\/div>\r\n     <\/div><\/a>\r\n      <\/figure><figure itemprop=\"associatedMedia\" itemscope itemtype=\"http:\/\/schema.org\/ImageObject\" class=\"item item-less item-5-columns  cat-2\"  ><a  class=\"plus\" href=\"https:\/\/www.scheelarquitectos.com\/wp-content\/uploads\/2024\/06\/01-12.png\" itemprop=\"contentUrl\" data-size=\"1156x682\"><div data-ix=\"over-portfolio-content-bottom\" class=\"portfolio-overlay  wow fadeInUp\">\r\n          <img decoding=\"async\" src=\"https:\/\/www.scheelarquitectos.com\/wp-content\/uploads\/2024\/06\/01-12-1024x604.png\" itemprop=\"thumbnail\" alt=\"Image description\"\/> \r\n\t\t  <div data-ix=\"move-portfolio-overlay-bottom\" class=\"w-inline-block portfolio-overlay-bottom\">\r\n         <h4 data-ix=\"move-portfolio-title\" class=\"portfolio-title no-margin\">2016 CASA M<\/h4>\r\n         <div data-ix=\"move-portfolio-title\" class=\"portfolio-sub-title\">Vivienda<\/div>\r\n         <\/div>\r\n     <\/div><\/a>\r\n      <\/figure><figure itemprop=\"associatedMedia\" itemscope itemtype=\"http:\/\/schema.org\/ImageObject\" class=\"item item-less item-5-columns  cat-4\"  ><a  class=\"plus\" href=\"https:\/\/www.scheelarquitectos.com\/wp-content\/uploads\/2024\/06\/01-16.png\" itemprop=\"contentUrl\" data-size=\"1134x548\"><div data-ix=\"over-portfolio-content-bottom\" class=\"portfolio-overlay  wow fadeInUp\">\r\n          <img decoding=\"async\" src=\"https:\/\/www.scheelarquitectos.com\/wp-content\/uploads\/2024\/06\/01-16-1024x495.png\" itemprop=\"thumbnail\" alt=\"Image description\"\/> \r\n\t\t  <div data-ix=\"move-portfolio-overlay-bottom\" class=\"w-inline-block portfolio-overlay-bottom\">\r\n         <h4 data-ix=\"move-portfolio-title\" class=\"portfolio-title no-margin\">2016 Quincho Aqueca<\/h4>\r\n         <div data-ix=\"move-portfolio-title\" class=\"portfolio-sub-title\">Comercio-Oficinas-Recreacion<\/div>\r\n         <\/div>\r\n     <\/div><\/a>\r\n      <\/figure><figure itemprop=\"associatedMedia\" itemscope itemtype=\"http:\/\/schema.org\/ImageObject\" class=\"item item-less item-5-columns  cat-4\"  ><a  class=\"plus\" href=\"https:\/\/www.scheelarquitectos.com\/wp-content\/uploads\/2024\/06\/01-17.png\" itemprop=\"contentUrl\" data-size=\"1032x768\"><div data-ix=\"over-portfolio-content-bottom\" class=\"portfolio-overlay  wow fadeInUp\">\r\n          <img decoding=\"async\" src=\"https:\/\/www.scheelarquitectos.com\/wp-content\/uploads\/2024\/06\/01-17-1024x762.png\" itemprop=\"thumbnail\" alt=\"Image description\"\/> \r\n\t\t  <div data-ix=\"move-portfolio-overlay-bottom\" class=\"w-inline-block portfolio-overlay-bottom\">\r\n         <h4 data-ix=\"move-portfolio-title\" class=\"portfolio-title no-margin\">2017 Edificio Esmeralda Puerto Montt<\/h4>\r\n         <div data-ix=\"move-portfolio-title\" class=\"portfolio-sub-title\">Comercio-Oficinas-Recreacion<\/div>\r\n         <\/div>\r\n     <\/div><\/a>\r\n      <\/figure><figure itemprop=\"associatedMedia\" itemscope itemtype=\"http:\/\/schema.org\/ImageObject\" class=\"item item-less item-5-columns  cat-4\"  ><a  class=\"plus\" href=\"https:\/\/www.scheelarquitectos.com\/wp-content\/uploads\/2024\/06\/05-4.jpg\" itemprop=\"contentUrl\" data-size=\"1920x1080\"><div data-ix=\"over-portfolio-content-bottom\" class=\"portfolio-overlay  wow fadeInUp\">\r\n          <img decoding=\"async\" src=\"https:\/\/www.scheelarquitectos.com\/wp-content\/uploads\/2024\/06\/05-4-1024x576.jpg\" itemprop=\"thumbnail\" alt=\"Image description\"\/> \r\n\t\t  <div data-ix=\"move-portfolio-overlay-bottom\" class=\"w-inline-block portfolio-overlay-bottom\">\r\n         <h4 data-ix=\"move-portfolio-title\" class=\"portfolio-title no-margin\">2018 2 QUINCE<\/h4>\r\n         <div data-ix=\"move-portfolio-title\" class=\"portfolio-sub-title\">Comercio-Oficinas-Recreacion<\/div>\r\n         <\/div>\r\n     <\/div><\/a>\r\n      <\/figure><figure itemprop=\"associatedMedia\" itemscope itemtype=\"http:\/\/schema.org\/ImageObject\" class=\"item item-less item-5-columns  cat-3\"  ><a  class=\"plus\" href=\"https:\/\/www.scheelarquitectos.com\/wp-content\/uploads\/2024\/06\/CECREA-1xxx-scaled.jpg\" itemprop=\"contentUrl\" data-size=\"2560x1355\"><div data-ix=\"over-portfolio-content-bottom\" class=\"portfolio-overlay  wow fadeInUp\">\r\n          <img decoding=\"async\" src=\"https:\/\/www.scheelarquitectos.com\/wp-content\/uploads\/2024\/06\/CECREA-1xxx-1024x542.jpg\" itemprop=\"thumbnail\" alt=\"Image description\"\/> \r\n\t\t  <div data-ix=\"move-portfolio-overlay-bottom\" class=\"w-inline-block portfolio-overlay-bottom\">\r\n         <h4 data-ix=\"move-portfolio-title\" class=\"portfolio-title no-margin\">2018 Cecrea Valdivia<\/h4>\r\n         <div data-ix=\"move-portfolio-title\" class=\"portfolio-sub-title\">Educacion-Cultura-Salud<\/div>\r\n         <\/div>\r\n     <\/div><\/a>\r\n      <\/figure><figure itemprop=\"associatedMedia\" itemscope itemtype=\"http:\/\/schema.org\/ImageObject\" class=\"item item-less item-5-columns  cat-3\"  ><a  class=\"plus\" href=\"https:\/\/www.scheelarquitectos.com\/wp-content\/uploads\/2024\/06\/01-33-scaled.jpg\" itemprop=\"contentUrl\" data-size=\"2560x1440\"><div data-ix=\"over-portfolio-content-bottom\" class=\"portfolio-overlay  wow fadeInUp\">\r\n          <img decoding=\"async\" src=\"https:\/\/www.scheelarquitectos.com\/wp-content\/uploads\/2024\/06\/01-33-1024x576.jpg\" itemprop=\"thumbnail\" alt=\"Image description\"\/> \r\n\t\t  <div data-ix=\"move-portfolio-overlay-bottom\" class=\"w-inline-block portfolio-overlay-bottom\">\r\n         <h4 data-ix=\"move-portfolio-title\" class=\"portfolio-title no-margin\">2018 Concurso 2\u00b0 Compa\u00f1ia Bomberos Valdivia<\/h4>\r\n         <div data-ix=\"move-portfolio-title\" class=\"portfolio-sub-title\">Educacion-Cultura-Salud<\/div>\r\n         <\/div>\r\n     <\/div><\/a>\r\n      <\/figure><figure itemprop=\"associatedMedia\" itemscope itemtype=\"http:\/\/schema.org\/ImageObject\" class=\"item item-less item-5-columns  cat-3\"  ><a  class=\"plus\" href=\"https:\/\/www.scheelarquitectos.com\/wp-content\/uploads\/2024\/06\/Fiscalia-1xxx-scaled.jpg\" itemprop=\"contentUrl\" data-size=\"2560x1440\"><div data-ix=\"over-portfolio-content-bottom\" class=\"portfolio-overlay  wow fadeInUp\">\r\n          <img decoding=\"async\" src=\"https:\/\/www.scheelarquitectos.com\/wp-content\/uploads\/2024\/06\/Fiscalia-1xxx-1024x576.jpg\" itemprop=\"thumbnail\" alt=\"Image description\"\/> \r\n\t\t  <div data-ix=\"move-portfolio-overlay-bottom\" class=\"w-inline-block portfolio-overlay-bottom\">\r\n         <h4 data-ix=\"move-portfolio-title\" class=\"portfolio-title no-margin\">2018 Concurso Fiscalia local Castro<\/h4>\r\n         <div data-ix=\"move-portfolio-title\" class=\"portfolio-sub-title\">Educacion-Cultura-Salud<\/div>\r\n         <\/div>\r\n     <\/div><\/a>\r\n      <\/figure><figure itemprop=\"associatedMedia\" itemscope itemtype=\"http:\/\/schema.org\/ImageObject\" class=\"item item-less item-5-columns  cat-2\"  ><a  class=\"plus\" href=\"https:\/\/www.scheelarquitectos.com\/wp-content\/uploads\/2024\/06\/01-13.png\" itemprop=\"contentUrl\" data-size=\"900x582\"><div data-ix=\"over-portfolio-content-bottom\" class=\"portfolio-overlay  wow fadeInUp\">\r\n          <img decoding=\"async\" src=\"https:\/\/www.scheelarquitectos.com\/wp-content\/uploads\/2024\/06\/01-13.png\" itemprop=\"thumbnail\" alt=\"Image description\"\/> \r\n\t\t  <div data-ix=\"move-portfolio-overlay-bottom\" class=\"w-inline-block portfolio-overlay-bottom\">\r\n         <h4 data-ix=\"move-portfolio-title\" class=\"portfolio-title no-margin\">2018 Edificio Barros Arana-Prat<\/h4>\r\n         <div data-ix=\"move-portfolio-title\" class=\"portfolio-sub-title\">Vivienda<\/div>\r\n         <\/div>\r\n     <\/div><\/a>\r\n      <\/figure><figure itemprop=\"associatedMedia\" itemscope itemtype=\"http:\/\/schema.org\/ImageObject\" class=\"item item-less item-5-columns  cat-3\"  ><a  class=\"plus\" href=\"https:\/\/www.scheelarquitectos.com\/wp-content\/uploads\/2024\/06\/01-19.png\" itemprop=\"contentUrl\" data-size=\"1087x591\"><div data-ix=\"over-portfolio-content-bottom\" class=\"portfolio-overlay  wow fadeInUp\">\r\n          <img decoding=\"async\" src=\"https:\/\/www.scheelarquitectos.com\/wp-content\/uploads\/2024\/06\/01-19-1024x557.png\" itemprop=\"thumbnail\" alt=\"Image description\"\/> \r\n\t\t  <div data-ix=\"move-portfolio-overlay-bottom\" class=\"w-inline-block portfolio-overlay-bottom\">\r\n         <h4 data-ix=\"move-portfolio-title\" class=\"portfolio-title no-margin\">2018 Plan Maestro Instituto Alem\u00e1n Osorno<\/h4>\r\n         <div data-ix=\"move-portfolio-title\" class=\"portfolio-sub-title\">Educacion-Cultura-Salud<\/div>\r\n         <\/div>\r\n     <\/div><\/a>\r\n      <\/figure><figure itemprop=\"associatedMedia\" itemscope itemtype=\"http:\/\/schema.org\/ImageObject\" class=\"item item-less item-5-columns  cat-3\"  ><a  class=\"plus\" href=\"https:\/\/www.scheelarquitectos.com\/wp-content\/uploads\/2024\/06\/01-20.png\" itemprop=\"contentUrl\" data-size=\"1099x683\"><div data-ix=\"over-portfolio-content-bottom\" class=\"portfolio-overlay  wow fadeInUp\">\r\n          <img decoding=\"async\" src=\"https:\/\/www.scheelarquitectos.com\/wp-content\/uploads\/2024\/06\/01-20-1024x636.png\" itemprop=\"thumbnail\" alt=\"Image description\"\/> \r\n\t\t  <div data-ix=\"move-portfolio-overlay-bottom\" class=\"w-inline-block portfolio-overlay-bottom\">\r\n         <h4 data-ix=\"move-portfolio-title\" class=\"portfolio-title no-margin\">2018 Sala motricidad San Javier<\/h4>\r\n         <div data-ix=\"move-portfolio-title\" class=\"portfolio-sub-title\">Educacion-Cultura-Salud<\/div>\r\n         <\/div>\r\n     <\/div><\/a>\r\n      <\/figure><figure itemprop=\"associatedMedia\" itemscope itemtype=\"http:\/\/schema.org\/ImageObject\" class=\"item item-less item-5-columns  cat-3\"  ><a  class=\"plus\" href=\"https:\/\/www.scheelarquitectos.com\/wp-content\/uploads\/2024\/06\/01-21.png\" itemprop=\"contentUrl\" data-size=\"1252x719\"><div data-ix=\"over-portfolio-content-bottom\" class=\"portfolio-overlay  wow fadeInUp\">\r\n          <img decoding=\"async\" src=\"https:\/\/www.scheelarquitectos.com\/wp-content\/uploads\/2024\/06\/01-21-1024x588.png\" itemprop=\"thumbnail\" alt=\"Image description\"\/> \r\n\t\t  <div data-ix=\"move-portfolio-overlay-bottom\" class=\"w-inline-block portfolio-overlay-bottom\">\r\n         <h4 data-ix=\"move-portfolio-title\" class=\"portfolio-title no-margin\">2018 Sal\u00f3n San Luis Gonzaga San Mateo<\/h4>\r\n         <div data-ix=\"move-portfolio-title\" class=\"portfolio-sub-title\">Educacion-Cultura-Salud<\/div>\r\n         <\/div>\r\n     <\/div><\/a>\r\n      <\/figure><figure itemprop=\"associatedMedia\" itemscope itemtype=\"http:\/\/schema.org\/ImageObject\" class=\"item item-less item-5-columns  cat-2\"  ><a  class=\"plus\" href=\"https:\/\/www.scheelarquitectos.com\/wp-content\/uploads\/2024\/06\/IMAGEN-1.jpg\" itemprop=\"contentUrl\" data-size=\"1920x1080\"><div data-ix=\"over-portfolio-content-bottom\" class=\"portfolio-overlay  wow fadeInUp\">\r\n          <img decoding=\"async\" src=\"https:\/\/www.scheelarquitectos.com\/wp-content\/uploads\/2024\/06\/IMAGEN-1-1024x576.jpg\" itemprop=\"thumbnail\" alt=\"Image description\"\/> \r\n\t\t  <div data-ix=\"move-portfolio-overlay-bottom\" class=\"w-inline-block portfolio-overlay-bottom\">\r\n         <h4 data-ix=\"move-portfolio-title\" class=\"portfolio-title no-margin\">2019 Edificio Av. Alemania<\/h4>\r\n         <div data-ix=\"move-portfolio-title\" class=\"portfolio-sub-title\">Vivienda<\/div>\r\n         <\/div>\r\n     <\/div><\/a>\r\n      <\/figure><figure itemprop=\"associatedMedia\" itemscope itemtype=\"http:\/\/schema.org\/ImageObject\" class=\"item item-less item-5-columns  cat-2\"  ><a  class=\"plus\" href=\"https:\/\/www.scheelarquitectos.com\/wp-content\/uploads\/2024\/06\/01-14.png\" itemprop=\"contentUrl\" data-size=\"931x515\"><div data-ix=\"over-portfolio-content-bottom\" class=\"portfolio-overlay  wow fadeInUp\">\r\n          <img decoding=\"async\" src=\"https:\/\/www.scheelarquitectos.com\/wp-content\/uploads\/2024\/06\/01-14.png\" itemprop=\"thumbnail\" alt=\"Image description\"\/> \r\n\t\t  <div data-ix=\"move-portfolio-overlay-bottom\" class=\"w-inline-block portfolio-overlay-bottom\">\r\n         <h4 data-ix=\"move-portfolio-title\" class=\"portfolio-title no-margin\">2020 Edificio Guillermo Buhler<\/h4>\r\n         <div data-ix=\"move-portfolio-title\" class=\"portfolio-sub-title\">Vivienda<\/div>\r\n         <\/div>\r\n     <\/div><\/a>\r\n      <\/figure><figure itemprop=\"associatedMedia\" itemscope itemtype=\"http:\/\/schema.org\/ImageObject\" class=\"item item-less item-5-columns  cat-2\"  ><a  class=\"plus\" href=\"https:\/\/www.scheelarquitectos.com\/wp-content\/uploads\/2024\/06\/01-6.jpg\" itemprop=\"contentUrl\" data-size=\"1920x1080\"><div data-ix=\"over-portfolio-content-bottom\" class=\"portfolio-overlay  wow fadeInUp\">\r\n          <img decoding=\"async\" src=\"https:\/\/www.scheelarquitectos.com\/wp-content\/uploads\/2024\/06\/01-6-1024x576.jpg\" itemprop=\"thumbnail\" alt=\"Image description\"\/> \r\n\t\t  <div data-ix=\"move-portfolio-overlay-bottom\" class=\"w-inline-block portfolio-overlay-bottom\">\r\n         <h4 data-ix=\"move-portfolio-title\" class=\"portfolio-title no-margin\">2021 CASA JAC 3<\/h4>\r\n         <div data-ix=\"move-portfolio-title\" class=\"portfolio-sub-title\">Vivienda<\/div>\r\n         <\/div>\r\n     <\/div><\/a>\r\n      <\/figure><figure itemprop=\"associatedMedia\" itemscope itemtype=\"http:\/\/schema.org\/ImageObject\" class=\"item item-less item-5-columns  cat-3\"  ><a  class=\"plus\" href=\"https:\/\/www.scheelarquitectos.com\/wp-content\/uploads\/2024\/06\/AUDITORIO-3xxx-scaled.jpg\" itemprop=\"contentUrl\" data-size=\"2560x1435\"><div data-ix=\"over-portfolio-content-bottom\" class=\"portfolio-overlay  wow fadeInUp\">\r\n          <img decoding=\"async\" src=\"https:\/\/www.scheelarquitectos.com\/wp-content\/uploads\/2024\/06\/AUDITORIO-3xxx-1024x574.jpg\" itemprop=\"thumbnail\" alt=\"Image description\"\/> \r\n\t\t  <div data-ix=\"move-portfolio-overlay-bottom\" class=\"w-inline-block portfolio-overlay-bottom\">\r\n         <h4 data-ix=\"move-portfolio-title\" class=\"portfolio-title no-margin\">2021 Habilitaci\u00f3n Auditorio Colegio San Javier<\/h4>\r\n         <div data-ix=\"move-portfolio-title\" class=\"portfolio-sub-title\">Educacion-Cultura-Salud<\/div>\r\n         <\/div>\r\n     <\/div><\/a>\r\n      <\/figure><figure itemprop=\"associatedMedia\" itemscope itemtype=\"http:\/\/schema.org\/ImageObject\" class=\"item item-less item-5-columns  cat-3\"  ><a  class=\"plus\" href=\"https:\/\/www.scheelarquitectos.com\/wp-content\/uploads\/2024\/06\/01-34.jpg\" itemprop=\"contentUrl\" data-size=\"1920x1080\"><div data-ix=\"over-portfolio-content-bottom\" class=\"portfolio-overlay  wow fadeInUp\">\r\n          <img decoding=\"async\" src=\"https:\/\/www.scheelarquitectos.com\/wp-content\/uploads\/2024\/06\/01-34-1024x576.jpg\" itemprop=\"thumbnail\" alt=\"Image description\"\/> \r\n\t\t  <div data-ix=\"move-portfolio-overlay-bottom\" class=\"w-inline-block portfolio-overlay-bottom\">\r\n         <h4 data-ix=\"move-portfolio-title\" class=\"portfolio-title no-margin\">2022 Ampliaci\u00f3n Instituto Alem\u00e1n Osorno<\/h4>\r\n         <div data-ix=\"move-portfolio-title\" class=\"portfolio-sub-title\">Educacion-Cultura-Salud<\/div>\r\n         <\/div>\r\n     <\/div><\/a>\r\n      <\/figure><figure itemprop=\"associatedMedia\" itemscope itemtype=\"http:\/\/schema.org\/ImageObject\" class=\"item item-less item-5-columns  cat-3\"  ><a  class=\"plus\" href=\"https:\/\/www.scheelarquitectos.com\/wp-content\/uploads\/2024\/06\/01-35.jpg\" itemprop=\"contentUrl\" data-size=\"1500x844\"><div data-ix=\"over-portfolio-content-bottom\" class=\"portfolio-overlay  wow fadeInUp\">\r\n          <img decoding=\"async\" src=\"https:\/\/www.scheelarquitectos.com\/wp-content\/uploads\/2024\/06\/01-35-1024x576.jpg\" itemprop=\"thumbnail\" alt=\"Image description\"\/> \r\n\t\t  <div data-ix=\"move-portfolio-overlay-bottom\" class=\"w-inline-block portfolio-overlay-bottom\">\r\n         <h4 data-ix=\"move-portfolio-title\" class=\"portfolio-title no-margin\">2022 Casino San Mateo<\/h4>\r\n         <div data-ix=\"move-portfolio-title\" class=\"portfolio-sub-title\">Educacion-Cultura-Salud<\/div>\r\n         <\/div>\r\n     <\/div><\/a>\r\n      <\/figure><figure itemprop=\"associatedMedia\" itemscope itemtype=\"http:\/\/schema.org\/ImageObject\" class=\"item item-less item-5-columns  cat-2\"  ><a  class=\"plus\" href=\"https:\/\/www.scheelarquitectos.com\/wp-content\/uploads\/2024\/06\/01-15.png\" itemprop=\"contentUrl\" data-size=\"1920x1080\"><div data-ix=\"over-portfolio-content-bottom\" class=\"portfolio-overlay  wow fadeInUp\">\r\n          <img decoding=\"async\" src=\"https:\/\/www.scheelarquitectos.com\/wp-content\/uploads\/2024\/06\/01-15-1024x576.png\" itemprop=\"thumbnail\" alt=\"Image description\"\/> \r\n\t\t  <div data-ix=\"move-portfolio-overlay-bottom\" class=\"w-inline-block portfolio-overlay-bottom\">\r\n         <h4 data-ix=\"move-portfolio-title\" class=\"portfolio-title no-margin\">2022 KADO<\/h4>\r\n         <div data-ix=\"move-portfolio-title\" class=\"portfolio-sub-title\">Vivienda<\/div>\r\n         <\/div>\r\n     <\/div><\/a>\r\n      <\/figure><figure itemprop=\"associatedMedia\" itemscope itemtype=\"http:\/\/schema.org\/ImageObject\" class=\"item item-less item-5-columns  cat-2\"  ><a  class=\"plus\" href=\"https:\/\/www.scheelarquitectos.com\/wp-content\/uploads\/2016\/05\/01.jpg\" itemprop=\"contentUrl\" data-size=\"1024x768\"><div data-ix=\"over-portfolio-content-bottom\" class=\"portfolio-overlay  wow fadeInUp\">\r\n          <img decoding=\"async\" src=\"https:\/\/www.scheelarquitectos.com\/wp-content\/uploads\/2016\/05\/01.jpg\" itemprop=\"thumbnail\" alt=\"Image description\"\/> \r\n\t\t  <div data-ix=\"move-portfolio-overlay-bottom\" class=\"w-inline-block portfolio-overlay-bottom\">\r\n         <h4 data-ix=\"move-portfolio-title\" class=\"portfolio-title no-margin\">1997 CASA SCHEEL NOLI<\/h4>\r\n         <div data-ix=\"move-portfolio-title\" class=\"portfolio-sub-title\">Vivienda<\/div>\r\n         <\/div>\r\n     <\/div><\/a>\r\n      <\/figure><\/div><\/div> <div class=\"pswp\" tabindex=\"-1\" role=\"dialog\" aria-hidden=\"true\">\r\n\t\t\t\t<div class=\"pswp__bg\"><\/div>\r\n\t\t\t\t<div class=\"pswp__scroll-wrap\">\r\n\t\t\t\t\t<div class=\"pswp__container\">\r\n\t\t\t\t\t\t<div class=\"pswp__item\"><\/div>\r\n\t\t\t\t\t\t<div class=\"pswp__item\"><\/div>\r\n\t\t\t\t\t\t<div class=\"pswp__item\"><\/div>\r\n\t\t\t\t\t<\/div>\r\n\t\t\t\t\t<div class=\"pswp__ui pswp__ui--hidden\">\r\n\t\t\t\t\t\t<div class=\"pswp__top-bar\">\r\n\t\t\t\t\t\t\t<div class=\"pswp__counter\"><\/div>\r\n\t\t\t\t\t\t\t<button class=\"pswp__button pswp__button--close\" title=\"Close (Esc)\"><\/button>\r\n\t\t\t\t\t\t\t<button class=\"pswp__button pswp__button--share\" title=\"Share\"><\/button>\r\n\t\t\t\t\t\t\t<button class=\"pswp__button pswp__button--fs\" title=\"Toggle fullscreen\"><\/button>\r\n\t\t\t\t\t\t\t<button class=\"pswp__button pswp__button--zoom\" title=\"Zoom in\/out\"><\/button>\r\n                            \r\n\t\t\t\t\t\t\t<div class=\"pswp__preloader\">\r\n\t\t\t\t\t\t\t\t<div class=\"pswp__preloader__icn\">\r\n\t\t\t\t\t\t\t\t  <div class=\"pswp__preloader__cut\">\r\n\t\t\t\t\t\t\t\t\t<div class=\"pswp__preloader__donut\"><\/div>\r\n\t\t\t\t\t\t\t\t  <\/div>\r\n\t\t\t\t\t\t\t\t<\/div>\r\n\t\t\t\t\t\t\t<\/div>\r\n\t\t\t\t\t\t<\/div>\r\n                        \r\n\t\t\t\t\t\t<div class=\"pswp__share-modal pswp__share-modal--hidden pswp__single-tap\">\r\n\t\t\t\t\t\t\t<div class=\"pswp__share-tooltip\"><\/div> \r\n\t\t\t\t\t\t<\/div>\r\n                        \r\n\t\t\t\t\t\t<button class=\"pswp__button pswp__button--arrow--left\" title=\"Previous (arrow left)\">\r\n\t\t\t\t\t\t<\/button>\r\n\t\t\t\t\t\t<button class=\"pswp__button pswp__button--arrow--right\" title=\"Next (arrow right)\">\r\n\t\t\t\t\t\t<\/button>\r\n                        \r\n\t\t\t\t\t\t<div class=\"pswp__caption\">\r\n\t\t\t\t\t\t\t<div class=\"pswp__caption__center\"><\/div>\r\n\t\t\t\t\t\t<\/div>\r\n                       <\/div>\r\n                      <\/div>\r\n                     <\/div><\/div><\/div>[\/vc_column][\/vc_row][vc_row][vc_column][vc_raw_html]JTNDc2NyaXB0JTNFJTBBJTIwJTIwJTIwJTIwZG9jdW1lbnQucXVlcnlTZWxlY3RvckFsbCUyOCUyNy5maWx0ZXJzLnJvdW5kZWQlMjAuYnV0dG9uJTI3JTI5LmZvckVhY2glMjhidXR0b24lMjAlM0QlM0UlMjAlN0IlMEElMjAlMjAlMjAlMjAlMjAlMjAlMjAlMjBpZiUyMCUyOGJ1dHRvbi50ZXh0Q29udGVudC50cmltJTI4JTI5JTIwJTNEJTNEJTNEJTIwJTI3QWxsJTI3JTI5JTIwJTdCJTBBJTIwJTIwJTIwJTIwJTIwJTIwJTIwJTIwJTIwJTIwJTIwJTIwYnV0dG9uLnRleHRDb250ZW50JTIwJTNEJTIwJTI3VG9kYXMlMjclM0IlMEElMjAlMjAlMjAlMjAlMjAlMjAlMjAlMjAlN0QlMEElMjAlMjAlMjAlMjAlN0QlMjklM0IlMEElM0MlMkZzY3JpcHQlM0UlMEE=[\/vc_raw_html][\/vc_column][\/vc_row]<\/p>\n<\/section>","protected":false},"excerpt":{"rendered":"<p>[vc_row][vc_column][\/vc_column][\/vc_row][vc_row][vc_column][vc_raw_html]JTNDc2NyaXB0JTNFJTBBJTIwJTIwJTIwJTIwZG9jdW1lbnQucXVlcnlTZWxlY3RvckFsbCUyOCUyNy5maWx0ZXJzLnJvdW5kZWQlMjAuYnV0dG9uJTI3JTI5LmZvckVhY2glMjhidXR0b24lMjAlM0QlM0UlMjAlN0IlMEElMjAlMjAlMjAlMjAlMjAlMjAlMjAlMjBpZiUyMCUyOGJ1dHRvbi50ZXh0Q29udGVudC50cmltJTI4JTI5JTIwJTNEJTNEJTNEJTIwJTI3QWxsJTI3JTI5JTIwJTdCJTBBJTIwJTIwJTIwJTIwJTIwJTIwJTIwJTIwJTIwJTIwJTIwJTIwYnV0dG9uLnRleHRDb250ZW50JTIwJTNEJTIwJTI3VG9kYXMlMjclM0IlMEElMjAlMjAlMjAlMjAlMjAlMjAlMjAlMjAlN0QlMEElMjAlMjAlMjAlMjAlN0QlMjklM0IlMEElM0MlMkZzY3JpcHQlM0UlMEE=[\/vc_raw_html][\/vc_column][\/vc_row]<\/p>\n","protected":false},"author":1,"featured_media":0,"parent":0,"menu_order":0,"comment_status":"closed","ping_status":"closed","template":"fullwidth-template.php","meta":{"footnotes":""},"class_list":["post-587","page","type-page","status-publish","hentry"],"yoast_head":"<!-- This site is optimized with the Yoast SEO plugin v25.0 - https:\/\/yoast.com\/wordpress\/plugins\/seo\/ -->\n<title>Proyectos - Scheel Arquitectos<\/title>\n<meta name=\"robots\" content=\"index, follow, max-snippet:-1, max-image-preview:large, max-video-preview:-1\" \/>\n<link rel=\"canonical\" href=\"https:\/\/www.scheelarquitectos.com\/?page_id=587\" \/>\n<meta property=\"og:locale\" content=\"es_ES\" \/>\n<meta property=\"og:type\" content=\"article\" \/>\n<meta property=\"og:title\" content=\"Proyectos - Scheel Arquitectos\" \/>\n<meta property=\"og:description\" content=\"[vc_row][vc_column][\/vc_column][\/vc_row][vc_row][vc_column][vc_raw_html]JTNDc2NyaXB0JTNFJTBBJTIwJTIwJTIwJTIwZG9jdW1lbnQucXVlcnlTZWxlY3RvckFsbCUyOCUyNy5maWx0ZXJzLnJvdW5kZWQlMjAuYnV0dG9uJTI3JTI5LmZvckVhY2glMjhidXR0b24lMjAlM0QlM0UlMjAlN0IlMEElMjAlMjAlMjAlMjAlMjAlMjAlMjAlMjBpZiUyMCUyOGJ1dHRvbi50ZXh0Q29udGVudC50cmltJTI4JTI5JTIwJTNEJTNEJTNEJTIwJTI3QWxsJTI3JTI5JTIwJTdCJTBBJTIwJTIwJTIwJTIwJTIwJTIwJTIwJTIwJTIwJTIwJTIwJTIwYnV0dG9uLnRleHRDb250ZW50JTIwJTNEJTIwJTI3VG9kYXMlMjclM0IlMEElMjAlMjAlMjAlMjAlMjAlMjAlMjAlMjAlN0QlMEElMjAlMjAlMjAlMjAlN0QlMjklM0IlMEElM0MlMkZzY3JpcHQlM0UlMEE=[\/vc_raw_html][\/vc_column][\/vc_row]\" \/>\n<meta property=\"og:url\" content=\"https:\/\/www.scheelarquitectos.com\/?page_id=587\" \/>\n<meta property=\"og:site_name\" content=\"Scheel Arquitectos\" \/>\n<meta property=\"article:modified_time\" content=\"2024-07-25T00:56:16+00:00\" \/>\n<meta name=\"twitter:card\" content=\"summary_large_image\" \/>\n<meta name=\"twitter:label1\" content=\"Tiempo de lectura\" \/>\n\t<meta name=\"twitter:data1\" content=\"1 minuto\" \/>\n<script type=\"application\/ld+json\" class=\"yoast-schema-graph\">{\"@context\":\"https:\/\/schema.org\",\"@graph\":[{\"@type\":\"WebPage\",\"@id\":\"https:\/\/www.scheelarquitectos.com\/?page_id=587\",\"url\":\"https:\/\/www.scheelarquitectos.com\/?page_id=587\",\"name\":\"Proyectos - Scheel Arquitectos\",\"isPartOf\":{\"@id\":\"https:\/\/www.scheelarquitectos.com\/#website\"},\"datePublished\":\"2016-05-19T20:32:46+00:00\",\"dateModified\":\"2024-07-25T00:56:16+00:00\",\"breadcrumb\":{\"@id\":\"https:\/\/www.scheelarquitectos.com\/?page_id=587#breadcrumb\"},\"inLanguage\":\"es\",\"potentialAction\":[{\"@type\":\"ReadAction\",\"target\":[\"https:\/\/www.scheelarquitectos.com\/?page_id=587\"]}]},{\"@type\":\"BreadcrumbList\",\"@id\":\"https:\/\/www.scheelarquitectos.com\/?page_id=587#breadcrumb\",\"itemListElement\":[{\"@type\":\"ListItem\",\"position\":1,\"name\":\"Portada\",\"item\":\"https:\/\/www.scheelarquitectos.com\/\"},{\"@type\":\"ListItem\",\"position\":2,\"name\":\"Proyectos\"}]},{\"@type\":\"WebSite\",\"@id\":\"https:\/\/www.scheelarquitectos.com\/#website\",\"url\":\"https:\/\/www.scheelarquitectos.com\/\",\"name\":\"Scheel Arquitectos\",\"description\":\"\",\"potentialAction\":[{\"@type\":\"SearchAction\",\"target\":{\"@type\":\"EntryPoint\",\"urlTemplate\":\"https:\/\/www.scheelarquitectos.com\/?s={search_term_string}\"},\"query-input\":{\"@type\":\"PropertyValueSpecification\",\"valueRequired\":true,\"valueName\":\"search_term_string\"}}],\"inLanguage\":\"es\"}]}<\/script>\n<!-- \/ Yoast SEO plugin. -->","yoast_head_json":{"title":"Proyectos - Scheel Arquitectos","robots":{"index":"index","follow":"follow","max-snippet":"max-snippet:-1","max-image-preview":"max-image-preview:large","max-video-preview":"max-video-preview:-1"},"canonical":"https:\/\/www.scheelarquitectos.com\/?page_id=587","og_locale":"es_ES","og_type":"article","og_title":"Proyectos - Scheel Arquitectos","og_description":"[vc_row][vc_column][\/vc_column][\/vc_row][vc_row][vc_column][vc_raw_html]JTNDc2NyaXB0JTNFJTBBJTIwJTIwJTIwJTIwZG9jdW1lbnQucXVlcnlTZWxlY3RvckFsbCUyOCUyNy5maWx0ZXJzLnJvdW5kZWQlMjAuYnV0dG9uJTI3JTI5LmZvckVhY2glMjhidXR0b24lMjAlM0QlM0UlMjAlN0IlMEElMjAlMjAlMjAlMjAlMjAlMjAlMjAlMjBpZiUyMCUyOGJ1dHRvbi50ZXh0Q29udGVudC50cmltJTI4JTI5JTIwJTNEJTNEJTNEJTIwJTI3QWxsJTI3JTI5JTIwJTdCJTBBJTIwJTIwJTIwJTIwJTIwJTIwJTIwJTIwJTIwJTIwJTIwJTIwYnV0dG9uLnRleHRDb250ZW50JTIwJTNEJTIwJTI3VG9kYXMlMjclM0IlMEElMjAlMjAlMjAlMjAlMjAlMjAlMjAlMjAlN0QlMEElMjAlMjAlMjAlMjAlN0QlMjklM0IlMEElM0MlMkZzY3JpcHQlM0UlMEE=[\/vc_raw_html][\/vc_column][\/vc_row]","og_url":"https:\/\/www.scheelarquitectos.com\/?page_id=587","og_site_name":"Scheel Arquitectos","article_modified_time":"2024-07-25T00:56:16+00:00","twitter_card":"summary_large_image","twitter_misc":{"Tiempo de lectura":"1 minuto"},"schema":{"@context":"https:\/\/schema.org","@graph":[{"@type":"WebPage","@id":"https:\/\/www.scheelarquitectos.com\/?page_id=587","url":"https:\/\/www.scheelarquitectos.com\/?page_id=587","name":"Proyectos - Scheel Arquitectos","isPartOf":{"@id":"https:\/\/www.scheelarquitectos.com\/#website"},"datePublished":"2016-05-19T20:32:46+00:00","dateModified":"2024-07-25T00:56:16+00:00","breadcrumb":{"@id":"https:\/\/www.scheelarquitectos.com\/?page_id=587#breadcrumb"},"inLanguage":"es","potentialAction":[{"@type":"ReadAction","target":["https:\/\/www.scheelarquitectos.com\/?page_id=587"]}]},{"@type":"BreadcrumbList","@id":"https:\/\/www.scheelarquitectos.com\/?page_id=587#breadcrumb","itemListElement":[{"@type":"ListItem","position":1,"name":"Portada","item":"https:\/\/www.scheelarquitectos.com\/"},{"@type":"ListItem","position":2,"name":"Proyectos"}]},{"@type":"WebSite","@id":"https:\/\/www.scheelarquitectos.com\/#website","url":"https:\/\/www.scheelarquitectos.com\/","name":"Scheel Arquitectos","description":"","potentialAction":[{"@type":"SearchAction","target":{"@type":"EntryPoint","urlTemplate":"https:\/\/www.scheelarquitectos.com\/?s={search_term_string}"},"query-input":{"@type":"PropertyValueSpecification","valueRequired":true,"valueName":"search_term_string"}}],"inLanguage":"es"}]}},"_links":{"self":[{"href":"https:\/\/www.scheelarquitectos.com\/index.php?rest_route=\/wp\/v2\/pages\/587","targetHints":{"allow":["GET"]}}],"collection":[{"href":"https:\/\/www.scheelarquitectos.com\/index.php?rest_route=\/wp\/v2\/pages"}],"about":[{"href":"https:\/\/www.scheelarquitectos.com\/index.php?rest_route=\/wp\/v2\/types\/page"}],"author":[{"embeddable":true,"href":"https:\/\/www.scheelarquitectos.com\/index.php?rest_route=\/wp\/v2\/users\/1"}],"replies":[{"embeddable":true,"href":"https:\/\/www.scheelarquitectos.com\/index.php?rest_route=%2Fwp%2Fv2%2Fcomments&post=587"}],"version-history":[{"count":20,"href":"https:\/\/www.scheelarquitectos.com\/index.php?rest_route=\/wp\/v2\/pages\/587\/revisions"}],"predecessor-version":[{"id":1307,"href":"https:\/\/www.scheelarquitectos.com\/index.php?rest_route=\/wp\/v2\/pages\/587\/revisions\/1307"}],"wp:attachment":[{"href":"https:\/\/www.scheelarquitectos.com\/index.php?rest_route=%2Fwp%2Fv2%2Fmedia&parent=587"}],"curies":[{"name":"wp","href":"https:\/\/api.w.org\/{rel}","templated":true}]}}